{"id":28925,"date":"2026-01-25T14:32:07","date_gmt":"2026-01-25T13:32:07","guid":{"rendered":"https:\/\/finquesargemi.com\/propiedades\/xalet-adossat-en-venda-a-la-plana\/"},"modified":"2026-04-28T08:21:00","modified_gmt":"2026-04-28T06:21:00","slug":"xalet-adossat-en-venda-a-la-plana","status":"on_hold","type":"property","link":"https:\/\/finquesargemi.com\/ca\/propiedades\/xalet-adossat-en-venda-a-la-plana\/","title":{"rendered":"Xalet adossat en venda a LA PLANA"},"content":{"rendered":"\n<p>Fant\u00e0stica casa seminova situada tocant al poble a la Urbanitzaci\u00f3 anomenada La Plana a 5\/10 min. &#8230; caminant del centre i en un dels municipis m\u00e9s exclusius del Vall\u00e8s Occidental.<br\/>La finca es compon de dues plantes i es caracteritza pels seus bells finestrals que donen gran lluminositat a la casa i per la bona distribuci\u00f3 i funcionalitat.<br\/>A la planta baixa entrant per la porta principal ens trobem amb un distribu\u00efdor, un lavabo de cortesia i zona de dia amb una espaiosa cuina americana oberta al sal\u00f3-menjador de 55m2 amb sortida directa a magn\u00edfic porxo-jard\u00ed, quart safareig de 10m2 connectat a ampli garatge i traster.<br\/>La planta primera es distribueix amb 3 habitacions una doble i les altres individuals de 10,90 m2 cadascuna (una \u00e9s en suite de 21,67 m2 amb bany complet incorporat de 6,05 m2), 2 banys i sala d&#8217;estudi de 15m2 (que es pot transformar en una quarta habitaci\u00f3). Antiguitat: 2.021<br\/>Habitatge envoltat de jard\u00ed totalment enjardinat amb magn\u00edfica piscina i zona de barbacoa.<br\/>A nivell d&#8217;acabats tenim:<\/p>\n\n<p>\u2022 S\u00f2ls de parquet<br\/>\u2022 Fusteria exterior d&#8217;alumini acabat lacat blanc doble vidre amb cambra d&#8217;aire amb a\u00efllament t\u00e8rmic i ac\u00fastic.<br\/>\u2022 Persianes motoritzades<br\/>\u2022 Fusteria interior portes lacades blanc<br\/>\u2022 Cuina equipada i amb illa central<br\/>\u2022 Sistema d&#8217;aerot\u00e8rmia que proporciona aigua calenta sanit\u00e0ria, calefacci\u00f3 i aire condicionat.<br\/>\u2022 Instal\u00b7laci\u00f3 de 22 plaques solars fotovoltaiques<br\/>\u2022 Punt rec\u00e0rrega per a vehicles el\u00e8ctrics<br\/>. Molt b\u00e9 comunicada (amb Terrassa, Sabadell, Barcelona&#8230;).<\/p>\n\n<p>ESTAT IMPECABLE.<\/p>\n","protected":false},"excerpt":{"rendered":"<p>Fant\u00e0stica casa seminova situada tocant al poble a la Urbanitzaci\u00f3 anomenada La Plana a 5\/10 min. &#8230; caminant del centre i en un dels municipis m\u00e9s exclusius del Vall\u00e8s Occidental.La finca es compon de dues plantes i es caracteritza pels seus bells finestrals que donen gran lluminositat a la casa i per la bona distribuci\u00f3 [&hellip;]<\/p>\n","protected":false},"author":6,"featured_media":29054,"parent":0,"menu_order":0,"template":"","property_type":[302],"property_status":[231],"property_feature":[234,235],"property_label":[],"property_state":[230],"property_city":[229],"property_area":[314],"class_list":["post-28925","property","type-property","status-on_hold","has-post-thumbnail","hentry","property_type-casa-ca-2","property_status-venda","property_feature-aerotermia-ca","property_feature-aire-condicionat","property_state-barcelona-ca","property_city-matadepera-ca","property_area-la-plana-ca"],"property_meta":{"houzez_featured_listing_date":["2026-01-26 07:07:43"],"_top_nav_excluded":[""],"_cms_nav_minihome":[""],"fave_property_price":["965000"],"fave_property_size":["250"],"fave_property_land":["422"],"fave_property_bedrooms":["3"],"fave_property_bathrooms":["3"],"fave_property_year":["2021"],"fave_property_id":["21017"],"fave_property_location":["25.68654,-80.431345,15"],"houzez_geolocation_lat":["25.68654"],"houzez_geolocation_long":["-80.431345"],"fave_property_map_street_view":["hide"],"fave_agent_display_option":["agency_info"],"fave_prop_homeslider":["no"],"fave_energy_class":["A"],"fave_energy_global_index":["47"],"_thumbnail_id":["29054"],"_last_translation_edit_mode":["native-editor"],"_wpml_word_count":["262"],"_edit_lock":["1769348204:6"],"_edit_last":["6"],"fave_property_map":["0"],"cmplz_hide_cookiebanner":[""],"houzez_manual_expire":["0"],"_houzez_expiration_date_status":["saved"],"fave_single_top_area":["global"],"fave_single_content_area":["global"],"_yoast_wpseo_primary_property_type":["302"],"_yoast_wpseo_primary_property_status":["231"],"_yoast_wpseo_primary_property_feature":["235"],"_yoast_wpseo_primary_property_label":[""],"_yoast_wpseo_primary_property_state":["230"],"_yoast_wpseo_primary_property_city":["229"],"_yoast_wpseo_primary_property_area":["314"],"_yoast_wpseo_content_score":["30"],"_yoast_wpseo_estimated-reading-time-minutes":["2"],"houzez_total_property_views":["13"],"houzez_views_by_date":["a:12:{s:10:\"01-25-2026\";i:1;s:10:\"01-26-2026\";i:1;s:10:\"02-01-2026\";i:1;s:10:\"02-09-2026\";i:1;s:10:\"02-12-2026\";i:1;s:10:\"02-23-2026\";i:1;s:10:\"03-04-2026\";i:1;s:10:\"04-03-2026\";i:1;s:10:\"04-10-2026\";i:1;s:10:\"04-14-2026\";i:1;s:10:\"04-16-2026\";i:1;s:10:\"04-28-2026\";i:2;}"],"houzez_recently_viewed":["2026-04-28 08:21:09"],"fave_featured":["1"],"fave_property_images":["29053","29041","29042","29043","29027","29049","29039","29031","29035","29051","29047","29040","29044","29045","29046","29048","29050","29052","29038","29037","29036","29034","29032","29030","29029","29028","29026","29033"],"_elementor_page_assets":["a:0:{}"]},"yoast_head":"<!-- This site is optimized with the Yoast SEO plugin v27.4 - https:\/\/yoast.com\/product\/yoast-seo-wordpress\/ -->\n<title>Xalet adossat en venda a LA PLANA - Finques Argem\u00ed<\/title>\n<meta name=\"robots\" content=\"index, follow, max-snippet:-1, max-image-preview:large, max-video-preview:-1\" \/>\n<link rel=\"canonical\" href=\"https:\/\/finquesargemi.com\/ca\/propiedades\/xalet-adossat-en-venda-a-la-plana\/\" \/>\n<meta property=\"og:locale\" content=\"ca_ES\" \/>\n<meta property=\"og:type\" content=\"article\" \/>\n<meta property=\"og:title\" content=\"Xalet adossat en venda a LA PLANA - Finques Argem\u00ed\" \/>\n<meta property=\"og:description\" content=\"Fant\u00e0stica casa seminova situada tocant al poble a la Urbanitzaci\u00f3 anomenada La Plana a 5\/10 min. &#8230; caminant del centre i en un dels municipis m\u00e9s exclusius del Vall\u00e8s Occidental.La finca es compon de dues plantes i es caracteritza pels seus bells finestrals que donen gran lluminositat a la casa i per la bona distribuci\u00f3 [&hellip;]\" \/>\n<meta property=\"og:url\" content=\"https:\/\/finquesargemi.com\/ca\/propiedades\/xalet-adossat-en-venda-a-la-plana\/\" \/>\n<meta property=\"og:site_name\" content=\"Finques Argem\u00ed\" \/>\n<meta property=\"article:modified_time\" content=\"2026-04-28T06:21:00+00:00\" \/>\n<meta property=\"og:image\" content=\"https:\/\/finquesargemi.com\/wp-content\/uploads\/2026\/01\/210171110_60884554224_657d53c5-d3c2-4ed2-b83c-f54916b08618.webp\" \/>\n\t<meta property=\"og:image:width\" content=\"1280\" \/>\n\t<meta property=\"og:image:height\" content=\"960\" \/>\n\t<meta property=\"og:image:type\" content=\"image\/jpeg\" \/>\n<meta name=\"twitter:card\" content=\"summary_large_image\" \/>\n<script type=\"application\/ld+json\" class=\"yoast-schema-graph\">{\"@context\":\"https:\\\/\\\/schema.org\",\"@graph\":[{\"@type\":\"WebPage\",\"@id\":\"https:\\\/\\\/finquesargemi.com\\\/ca\\\/propiedades\\\/xalet-adossat-en-venda-a-la-plana\\\/\",\"url\":\"https:\\\/\\\/finquesargemi.com\\\/ca\\\/propiedades\\\/xalet-adossat-en-venda-a-la-plana\\\/\",\"name\":\"Xalet adossat en venda a LA PLANA - Finques Argem\u00ed\",\"isPartOf\":{\"@id\":\"https:\\\/\\\/finquesargemi.com\\\/ca\\\/#website\"},\"primaryImageOfPage\":{\"@id\":\"https:\\\/\\\/finquesargemi.com\\\/ca\\\/propiedades\\\/xalet-adossat-en-venda-a-la-plana\\\/#primaryimage\"},\"image\":{\"@id\":\"https:\\\/\\\/finquesargemi.com\\\/ca\\\/propiedades\\\/xalet-adossat-en-venda-a-la-plana\\\/#primaryimage\"},\"thumbnailUrl\":\"https:\\\/\\\/finquesargemi.com\\\/wp-content\\\/uploads\\\/2026\\\/01\\\/210171110_60884554224_657d53c5-d3c2-4ed2-b83c-f54916b08618.webp\",\"datePublished\":\"2026-01-25T13:32:07+00:00\",\"dateModified\":\"2026-04-28T06:21:00+00:00\",\"breadcrumb\":{\"@id\":\"https:\\\/\\\/finquesargemi.com\\\/ca\\\/propiedades\\\/xalet-adossat-en-venda-a-la-plana\\\/#breadcrumb\"},\"inLanguage\":\"ca\",\"potentialAction\":[{\"@type\":\"ReadAction\",\"target\":[\"https:\\\/\\\/finquesargemi.com\\\/ca\\\/propiedades\\\/xalet-adossat-en-venda-a-la-plana\\\/\"]}]},{\"@type\":\"ImageObject\",\"inLanguage\":\"ca\",\"@id\":\"https:\\\/\\\/finquesargemi.com\\\/ca\\\/propiedades\\\/xalet-adossat-en-venda-a-la-plana\\\/#primaryimage\",\"url\":\"https:\\\/\\\/finquesargemi.com\\\/wp-content\\\/uploads\\\/2026\\\/01\\\/210171110_60884554224_657d53c5-d3c2-4ed2-b83c-f54916b08618.webp\",\"contentUrl\":\"https:\\\/\\\/finquesargemi.com\\\/wp-content\\\/uploads\\\/2026\\\/01\\\/210171110_60884554224_657d53c5-d3c2-4ed2-b83c-f54916b08618.webp\",\"width\":1280,\"height\":960},{\"@type\":\"BreadcrumbList\",\"@id\":\"https:\\\/\\\/finquesargemi.com\\\/ca\\\/propiedades\\\/xalet-adossat-en-venda-a-la-plana\\\/#breadcrumb\",\"itemListElement\":[{\"@type\":\"ListItem\",\"position\":1,\"name\":\"Portada\",\"item\":\"https:\\\/\\\/finquesargemi.com\\\/ca\\\/\"},{\"@type\":\"ListItem\",\"position\":2,\"name\":\"Properties\",\"item\":\"https:\\\/\\\/finquesargemi.com\\\/ca\\\/propiedades\\\/\"},{\"@type\":\"ListItem\",\"position\":3,\"name\":\"Xalet adossat en venda a LA PLANA\"}]},{\"@type\":\"WebSite\",\"@id\":\"https:\\\/\\\/finquesargemi.com\\\/ca\\\/#website\",\"url\":\"https:\\\/\\\/finquesargemi.com\\\/ca\\\/\",\"name\":\"Finques Argem\u00ed\",\"description\":\"\",\"potentialAction\":[{\"@type\":\"SearchAction\",\"target\":{\"@type\":\"EntryPoint\",\"urlTemplate\":\"https:\\\/\\\/finquesargemi.com\\\/ca\\\/?s={search_term_string}\"},\"query-input\":{\"@type\":\"PropertyValueSpecification\",\"valueRequired\":true,\"valueName\":\"search_term_string\"}}],\"inLanguage\":\"ca\"}]}<\/script>\n<!-- \/ Yoast SEO plugin. -->","yoast_head_json":{"title":"Xalet adossat en venda a LA PLANA - Finques Argem\u00ed","robots":{"index":"index","follow":"follow","max-snippet":"max-snippet:-1","max-image-preview":"max-image-preview:large","max-video-preview":"max-video-preview:-1"},"canonical":"https:\/\/finquesargemi.com\/ca\/propiedades\/xalet-adossat-en-venda-a-la-plana\/","og_locale":"ca_ES","og_type":"article","og_title":"Xalet adossat en venda a LA PLANA - Finques Argem\u00ed","og_description":"Fant\u00e0stica casa seminova situada tocant al poble a la Urbanitzaci\u00f3 anomenada La Plana a 5\/10 min. &#8230; caminant del centre i en un dels municipis m\u00e9s exclusius del Vall\u00e8s Occidental.La finca es compon de dues plantes i es caracteritza pels seus bells finestrals que donen gran lluminositat a la casa i per la bona distribuci\u00f3 [&hellip;]","og_url":"https:\/\/finquesargemi.com\/ca\/propiedades\/xalet-adossat-en-venda-a-la-plana\/","og_site_name":"Finques Argem\u00ed","article_modified_time":"2026-04-28T06:21:00+00:00","og_image":[{"width":1280,"height":960,"url":"https:\/\/finquesargemi.com\/wp-content\/uploads\/2026\/01\/210171110_60884554224_657d53c5-d3c2-4ed2-b83c-f54916b08618.webp","type":"image\/jpeg"}],"twitter_card":"summary_large_image","schema":{"@context":"https:\/\/schema.org","@graph":[{"@type":"WebPage","@id":"https:\/\/finquesargemi.com\/ca\/propiedades\/xalet-adossat-en-venda-a-la-plana\/","url":"https:\/\/finquesargemi.com\/ca\/propiedades\/xalet-adossat-en-venda-a-la-plana\/","name":"Xalet adossat en venda a LA PLANA - Finques Argem\u00ed","isPartOf":{"@id":"https:\/\/finquesargemi.com\/ca\/#website"},"primaryImageOfPage":{"@id":"https:\/\/finquesargemi.com\/ca\/propiedades\/xalet-adossat-en-venda-a-la-plana\/#primaryimage"},"image":{"@id":"https:\/\/finquesargemi.com\/ca\/propiedades\/xalet-adossat-en-venda-a-la-plana\/#primaryimage"},"thumbnailUrl":"https:\/\/finquesargemi.com\/wp-content\/uploads\/2026\/01\/210171110_60884554224_657d53c5-d3c2-4ed2-b83c-f54916b08618.webp","datePublished":"2026-01-25T13:32:07+00:00","dateModified":"2026-04-28T06:21:00+00:00","breadcrumb":{"@id":"https:\/\/finquesargemi.com\/ca\/propiedades\/xalet-adossat-en-venda-a-la-plana\/#breadcrumb"},"inLanguage":"ca","potentialAction":[{"@type":"ReadAction","target":["https:\/\/finquesargemi.com\/ca\/propiedades\/xalet-adossat-en-venda-a-la-plana\/"]}]},{"@type":"ImageObject","inLanguage":"ca","@id":"https:\/\/finquesargemi.com\/ca\/propiedades\/xalet-adossat-en-venda-a-la-plana\/#primaryimage","url":"https:\/\/finquesargemi.com\/wp-content\/uploads\/2026\/01\/210171110_60884554224_657d53c5-d3c2-4ed2-b83c-f54916b08618.webp","contentUrl":"https:\/\/finquesargemi.com\/wp-content\/uploads\/2026\/01\/210171110_60884554224_657d53c5-d3c2-4ed2-b83c-f54916b08618.webp","width":1280,"height":960},{"@type":"BreadcrumbList","@id":"https:\/\/finquesargemi.com\/ca\/propiedades\/xalet-adossat-en-venda-a-la-plana\/#breadcrumb","itemListElement":[{"@type":"ListItem","position":1,"name":"Portada","item":"https:\/\/finquesargemi.com\/ca\/"},{"@type":"ListItem","position":2,"name":"Properties","item":"https:\/\/finquesargemi.com\/ca\/propiedades\/"},{"@type":"ListItem","position":3,"name":"Xalet adossat en venda a LA PLANA"}]},{"@type":"WebSite","@id":"https:\/\/finquesargemi.com\/ca\/#website","url":"https:\/\/finquesargemi.com\/ca\/","name":"Finques Argem\u00ed","description":"","potentialAction":[{"@type":"SearchAction","target":{"@type":"EntryPoint","urlTemplate":"https:\/\/finquesargemi.com\/ca\/?s={search_term_string}"},"query-input":{"@type":"PropertyValueSpecification","valueRequired":true,"valueName":"search_term_string"}}],"inLanguage":"ca"}]}},"_links":{"self":[{"href":"https:\/\/finquesargemi.com\/ca\/wp-json\/wp\/v2\/properties\/28925","targetHints":{"allow":["GET"]}}],"collection":[{"href":"https:\/\/finquesargemi.com\/ca\/wp-json\/wp\/v2\/properties"}],"about":[{"href":"https:\/\/finquesargemi.com\/ca\/wp-json\/wp\/v2\/types\/property"}],"author":[{"embeddable":true,"href":"https:\/\/finquesargemi.com\/ca\/wp-json\/wp\/v2\/users\/6"}],"version-history":[{"count":1,"href":"https:\/\/finquesargemi.com\/ca\/wp-json\/wp\/v2\/properties\/28925\/revisions"}],"predecessor-version":[{"id":28974,"href":"https:\/\/finquesargemi.com\/ca\/wp-json\/wp\/v2\/properties\/28925\/revisions\/28974"}],"wp:featuredmedia":[{"embeddable":true,"href":"https:\/\/finquesargemi.com\/ca\/wp-json\/wp\/v2\/media\/29054"}],"wp:attachment":[{"href":"https:\/\/finquesargemi.com\/ca\/wp-json\/wp\/v2\/media?parent=28925"}],"wp:term":[{"taxonomy":"property_type","embeddable":true,"href":"https:\/\/finquesargemi.com\/ca\/wp-json\/wp\/v2\/property_type?post=28925"},{"taxonomy":"property_status","embeddable":true,"href":"https:\/\/finquesargemi.com\/ca\/wp-json\/wp\/v2\/property_status?post=28925"},{"taxonomy":"property_feature","embeddable":true,"href":"https:\/\/finquesargemi.com\/ca\/wp-json\/wp\/v2\/property_feature?post=28925"},{"taxonomy":"property_label","embeddable":true,"href":"https:\/\/finquesargemi.com\/ca\/wp-json\/wp\/v2\/property_label?post=28925"},{"taxonomy":"property_state","embeddable":true,"href":"https:\/\/finquesargemi.com\/ca\/wp-json\/wp\/v2\/property_state?post=28925"},{"taxonomy":"property_city","embeddable":true,"href":"https:\/\/finquesargemi.com\/ca\/wp-json\/wp\/v2\/property_city?post=28925"},{"taxonomy":"property_area","embeddable":true,"href":"https:\/\/finquesargemi.com\/ca\/wp-json\/wp\/v2\/property_area?post=28925"}],"curies":[{"name":"wp","href":"https:\/\/api.w.org\/{rel}","templated":true}]}}