{"id":28502,"date":"2025-10-17T09:57:51","date_gmt":"2025-10-17T07:57:51","guid":{"rendered":"https:\/\/finquesargemi.com\/propiedades\/casa-amb-espais-amplis-a-lespardenyera\/"},"modified":"2026-02-01T14:40:20","modified_gmt":"2026-02-01T13:40:20","slug":"casa-amb-espais-amplis-a-lespardenyera","status":"publish","type":"property","link":"https:\/\/finquesargemi.com\/ca\/propiedades\/casa-amb-espais-amplis-a-lespardenyera\/","title":{"rendered":"Casa amb espais amplis a l&#8217;Espardenyera"},"content":{"rendered":"\n<p>Finques Argemi comercialitza una acollidora casa de 199m2 amb jard\u00ed aut\u00f2cton i \u00e0mplies vistes en parcel\u00b7la de 1.128 m\u00b2.<\/p>\n\n<p>Ubicat en un entorn tranquil i envoltat de natura, aquest encantador habitatge ofereix una combinaci\u00f3 perfecta de comoditat, funcionalitat i calidesa. Amb una superf\u00edcie constru\u00efda de 199 m\u00b2 sobre una parcel\u00b7la de m\u00e9s de 1.100 m\u00b2, destaca pels seus espais amplis, llum natural i vistes clares al jard\u00ed aut\u00f2cton.<\/p>\n\n<p>Distribuci\u00f3 en dos nivells:<br\/>Planta principal:<br\/>\u2022 Gran sal\u00f3-menjador di\u00e0fan i molt llumin\u00f3s, amb llar de foc i sortida directa a la terrassa.<br\/>\u2022 Cuina amb vista oberta a l&#8217;exterior i acc\u00e9s a una \u00e0mplia terrassa ideal per menjars a l&#8217;aire lliure.<br\/>\u2022 Dues habitacions addicionals, ideals com a despatxos, zona de jocs o convidats.<\/p>\n\n<p>Planta inferior (zona de nit):<br\/>\u2022 Acollidora sala d&#8217;estar amb llar de foc, perfecta com a segon sal\u00f3 o zona de descans.<br\/>\u2022 Tres habitacions, una tipus suite amb bany privat amb plat de dutxa.<br\/>\u2022 Un bany complet addicional.<\/p>\n\n<p>Exteriors i equipament:<br\/>\u2022 Gran garatge amb capacitat per a 3 o m\u00e9s vehicles<br\/>\u2022 Jard\u00ed aut\u00f2cton que envolta la casa, amb zona de barbacoa<br\/>\u2022 Calefacci\u00f3 mitjan\u00e7ant gasoil i estufa de p\u00e8l\u00b7lets<br\/>\u2022 Aire condicionat<br\/>\u2022 S\u00f2ls de parquet i fusteria de fusta de qualitat<\/p>\n\n<p>Un habitatge ideal per a fam\u00edlies o els qui busquen viure en un entorn natural, amb totes les comoditats i una excel\u00b7lent distribuci\u00f3 tant per a teletreball com per al dia a dia.<\/p>\n","protected":false},"excerpt":{"rendered":"<p>Finques Argemi comercialitza una acollidora casa de 199m2 amb jard\u00ed aut\u00f2cton i \u00e0mplies vistes en parcel\u00b7la de 1.128 m\u00b2. Ubicat en un entorn tranquil i envoltat de natura, aquest encantador habitatge ofereix una combinaci\u00f3 perfecta de comoditat, funcionalitat i calidesa. Amb una superf\u00edcie constru\u00efda de 199 m\u00b2 sobre una parcel\u00b7la de m\u00e9s de 1.100 m\u00b2, [&hellip;]<\/p>\n","protected":false},"author":6,"featured_media":28501,"parent":0,"menu_order":0,"template":"","property_type":[302],"property_status":[231],"property_feature":[235,242,247,244,258],"property_label":[],"property_state":[230],"property_city":[229],"property_area":[319],"class_list":["post-28502","property","type-property","status-publish","has-post-thumbnail","hentry","property_type-casa-ca-2","property_status-venda","property_feature-aire-condicionat","property_feature-calefaccio-gasoil","property_feature-jardi","property_feature-llar-de-foc","property_feature-parquing-privat","property_state-barcelona-ca","property_city-matadepera-ca","property_area-espardenyera-ca"],"property_meta":{"houzez_featured_listing_date":[""],"_top_nav_excluded":[""],"_cms_nav_minihome":[""],"houzez_geolocation_lat":["25.68654"],"houzez_geolocation_long":["-80.431345"],"_thumbnail_id":["28501"],"_last_translation_edit_mode":["native-editor"],"_wpml_word_count":["248"],"houzez_total_property_views":["23"],"houzez_views_by_date":["a:20:{s:10:\"10-17-2025\";i:2;s:10:\"10-20-2025\";i:1;s:10:\"10-26-2025\";i:1;s:10:\"10-28-2025\";i:1;s:10:\"10-31-2025\";i:1;s:10:\"11-12-2025\";i:1;s:10:\"11-20-2025\";i:1;s:10:\"11-26-2025\";i:2;s:10:\"12-29-2025\";i:1;s:10:\"01-08-2026\";i:1;s:10:\"01-12-2026\";i:1;s:10:\"01-26-2026\";i:2;s:10:\"02-01-2026\";i:1;s:10:\"02-09-2026\";i:1;s:10:\"02-12-2026\";i:1;s:10:\"02-26-2026\";i:1;s:10:\"03-11-2026\";i:1;s:10:\"04-03-2026\";i:1;s:10:\"04-11-2026\";i:1;s:10:\"04-14-2026\";i:1;}"],"houzez_recently_viewed":["2026-04-15 01:28:56"],"fave_property_price":["590000"],"fave_property_size":["199"],"fave_property_land":["1128"],"fave_property_bedrooms":["5"],"fave_property_bathrooms":["2"],"fave_property_year":["1983"],"fave_property_id":["20925"],"fave_property_location":["25.68654,-80.431345,15"],"fave_property_map_street_view":["hide"],"fave_agent_display_option":["agency_info"],"fave_prop_homeslider":["no"],"fave_energy_class":["F"],"fave_energy_global_index":["359"],"_edit_lock":["1769953234:6"],"_edit_last":["6"],"fave_property_images":["28493","28497","28499","28494","28495","28496","28498","28475","28476","28477","28478","28479","28480","28481","28482","28483","28484","28485","28486","28487","28488","28489","28490","28491","28492"],"cmplz_hide_cookiebanner":[""],"houzez_manual_expire":["0"],"_houzez_expiration_date_status":["saved"],"fave_featured":["0"],"fave_single_top_area":["global"],"fave_single_content_area":["global"],"_yoast_wpseo_primary_property_type":["302"],"_yoast_wpseo_primary_property_status":["231"],"_yoast_wpseo_primary_property_feature":["247"],"_yoast_wpseo_primary_property_label":[""],"_yoast_wpseo_primary_property_state":["230"],"_yoast_wpseo_primary_property_city":["229"],"_yoast_wpseo_primary_property_area":["319"],"_yoast_wpseo_content_score":["60"],"_yoast_wpseo_estimated-reading-time-minutes":["2"],"_elementor_page_assets":["a:0:{}"]},"yoast_head":"<!-- This site is optimized with the Yoast SEO plugin v27.4 - https:\/\/yoast.com\/product\/yoast-seo-wordpress\/ -->\n<title>Casa amb espais amplis a l&#039;Espardenyera - Finques Argem\u00ed<\/title>\n<meta name=\"robots\" content=\"index, follow, max-snippet:-1, max-image-preview:large, max-video-preview:-1\" \/>\n<link rel=\"canonical\" href=\"https:\/\/finquesargemi.com\/ca\/propiedades\/casa-amb-espais-amplis-a-lespardenyera\/\" \/>\n<meta property=\"og:locale\" content=\"ca_ES\" \/>\n<meta property=\"og:type\" content=\"article\" \/>\n<meta property=\"og:title\" content=\"Casa amb espais amplis a l&#039;Espardenyera - Finques Argem\u00ed\" \/>\n<meta property=\"og:description\" content=\"Finques Argemi comercialitza una acollidora casa de 199m2 amb jard\u00ed aut\u00f2cton i \u00e0mplies vistes en parcel\u00b7la de 1.128 m\u00b2. Ubicat en un entorn tranquil i envoltat de natura, aquest encantador habitatge ofereix una combinaci\u00f3 perfecta de comoditat, funcionalitat i calidesa. Amb una superf\u00edcie constru\u00efda de 199 m\u00b2 sobre una parcel\u00b7la de m\u00e9s de 1.100 m\u00b2, [&hellip;]\" \/>\n<meta property=\"og:url\" content=\"https:\/\/finquesargemi.com\/ca\/propiedades\/casa-amb-espais-amplis-a-lespardenyera\/\" \/>\n<meta property=\"og:site_name\" content=\"Finques Argem\u00ed\" \/>\n<meta property=\"article:modified_time\" content=\"2026-02-01T13:40:20+00:00\" \/>\n<meta property=\"og:image\" content=\"https:\/\/finquesargemi.com\/wp-content\/uploads\/2025\/10\/2092520pm.webp\" \/>\n\t<meta property=\"og:image:width\" content=\"2500\" \/>\n\t<meta property=\"og:image:height\" content=\"1667\" \/>\n\t<meta property=\"og:image:type\" content=\"image\/jpeg\" \/>\n<meta name=\"twitter:card\" content=\"summary_large_image\" \/>\n<script type=\"application\/ld+json\" class=\"yoast-schema-graph\">{\"@context\":\"https:\\\/\\\/schema.org\",\"@graph\":[{\"@type\":\"WebPage\",\"@id\":\"https:\\\/\\\/finquesargemi.com\\\/ca\\\/propiedades\\\/casa-amb-espais-amplis-a-lespardenyera\\\/\",\"url\":\"https:\\\/\\\/finquesargemi.com\\\/ca\\\/propiedades\\\/casa-amb-espais-amplis-a-lespardenyera\\\/\",\"name\":\"Casa amb espais amplis a l'Espardenyera - Finques Argem\u00ed\",\"isPartOf\":{\"@id\":\"https:\\\/\\\/finquesargemi.com\\\/ca\\\/#website\"},\"primaryImageOfPage\":{\"@id\":\"https:\\\/\\\/finquesargemi.com\\\/ca\\\/propiedades\\\/casa-amb-espais-amplis-a-lespardenyera\\\/#primaryimage\"},\"image\":{\"@id\":\"https:\\\/\\\/finquesargemi.com\\\/ca\\\/propiedades\\\/casa-amb-espais-amplis-a-lespardenyera\\\/#primaryimage\"},\"thumbnailUrl\":\"https:\\\/\\\/finquesargemi.com\\\/wp-content\\\/uploads\\\/2025\\\/10\\\/2092520pm.webp\",\"datePublished\":\"2025-10-17T07:57:51+00:00\",\"dateModified\":\"2026-02-01T13:40:20+00:00\",\"breadcrumb\":{\"@id\":\"https:\\\/\\\/finquesargemi.com\\\/ca\\\/propiedades\\\/casa-amb-espais-amplis-a-lespardenyera\\\/#breadcrumb\"},\"inLanguage\":\"ca\",\"potentialAction\":[{\"@type\":\"ReadAction\",\"target\":[\"https:\\\/\\\/finquesargemi.com\\\/ca\\\/propiedades\\\/casa-amb-espais-amplis-a-lespardenyera\\\/\"]}]},{\"@type\":\"ImageObject\",\"inLanguage\":\"ca\",\"@id\":\"https:\\\/\\\/finquesargemi.com\\\/ca\\\/propiedades\\\/casa-amb-espais-amplis-a-lespardenyera\\\/#primaryimage\",\"url\":\"https:\\\/\\\/finquesargemi.com\\\/wp-content\\\/uploads\\\/2025\\\/10\\\/2092520pm.webp\",\"contentUrl\":\"https:\\\/\\\/finquesargemi.com\\\/wp-content\\\/uploads\\\/2025\\\/10\\\/2092520pm.webp\",\"width\":2500,\"height\":1667},{\"@type\":\"BreadcrumbList\",\"@id\":\"https:\\\/\\\/finquesargemi.com\\\/ca\\\/propiedades\\\/casa-amb-espais-amplis-a-lespardenyera\\\/#breadcrumb\",\"itemListElement\":[{\"@type\":\"ListItem\",\"position\":1,\"name\":\"Portada\",\"item\":\"https:\\\/\\\/finquesargemi.com\\\/ca\\\/\"},{\"@type\":\"ListItem\",\"position\":2,\"name\":\"Properties\",\"item\":\"https:\\\/\\\/finquesargemi.com\\\/ca\\\/propiedades\\\/\"},{\"@type\":\"ListItem\",\"position\":3,\"name\":\"Casa amb espais amplis a l&#8217;Espardenyera\"}]},{\"@type\":\"WebSite\",\"@id\":\"https:\\\/\\\/finquesargemi.com\\\/ca\\\/#website\",\"url\":\"https:\\\/\\\/finquesargemi.com\\\/ca\\\/\",\"name\":\"Finques Argem\u00ed\",\"description\":\"\",\"potentialAction\":[{\"@type\":\"SearchAction\",\"target\":{\"@type\":\"EntryPoint\",\"urlTemplate\":\"https:\\\/\\\/finquesargemi.com\\\/ca\\\/?s={search_term_string}\"},\"query-input\":{\"@type\":\"PropertyValueSpecification\",\"valueRequired\":true,\"valueName\":\"search_term_string\"}}],\"inLanguage\":\"ca\"}]}<\/script>\n<!-- \/ Yoast SEO plugin. -->","yoast_head_json":{"title":"Casa amb espais amplis a l'Espardenyera - Finques Argem\u00ed","robots":{"index":"index","follow":"follow","max-snippet":"max-snippet:-1","max-image-preview":"max-image-preview:large","max-video-preview":"max-video-preview:-1"},"canonical":"https:\/\/finquesargemi.com\/ca\/propiedades\/casa-amb-espais-amplis-a-lespardenyera\/","og_locale":"ca_ES","og_type":"article","og_title":"Casa amb espais amplis a l'Espardenyera - Finques Argem\u00ed","og_description":"Finques Argemi comercialitza una acollidora casa de 199m2 amb jard\u00ed aut\u00f2cton i \u00e0mplies vistes en parcel\u00b7la de 1.128 m\u00b2. Ubicat en un entorn tranquil i envoltat de natura, aquest encantador habitatge ofereix una combinaci\u00f3 perfecta de comoditat, funcionalitat i calidesa. Amb una superf\u00edcie constru\u00efda de 199 m\u00b2 sobre una parcel\u00b7la de m\u00e9s de 1.100 m\u00b2, [&hellip;]","og_url":"https:\/\/finquesargemi.com\/ca\/propiedades\/casa-amb-espais-amplis-a-lespardenyera\/","og_site_name":"Finques Argem\u00ed","article_modified_time":"2026-02-01T13:40:20+00:00","og_image":[{"width":2500,"height":1667,"url":"https:\/\/finquesargemi.com\/wp-content\/uploads\/2025\/10\/2092520pm.webp","type":"image\/jpeg"}],"twitter_card":"summary_large_image","schema":{"@context":"https:\/\/schema.org","@graph":[{"@type":"WebPage","@id":"https:\/\/finquesargemi.com\/ca\/propiedades\/casa-amb-espais-amplis-a-lespardenyera\/","url":"https:\/\/finquesargemi.com\/ca\/propiedades\/casa-amb-espais-amplis-a-lespardenyera\/","name":"Casa amb espais amplis a l'Espardenyera - Finques Argem\u00ed","isPartOf":{"@id":"https:\/\/finquesargemi.com\/ca\/#website"},"primaryImageOfPage":{"@id":"https:\/\/finquesargemi.com\/ca\/propiedades\/casa-amb-espais-amplis-a-lespardenyera\/#primaryimage"},"image":{"@id":"https:\/\/finquesargemi.com\/ca\/propiedades\/casa-amb-espais-amplis-a-lespardenyera\/#primaryimage"},"thumbnailUrl":"https:\/\/finquesargemi.com\/wp-content\/uploads\/2025\/10\/2092520pm.webp","datePublished":"2025-10-17T07:57:51+00:00","dateModified":"2026-02-01T13:40:20+00:00","breadcrumb":{"@id":"https:\/\/finquesargemi.com\/ca\/propiedades\/casa-amb-espais-amplis-a-lespardenyera\/#breadcrumb"},"inLanguage":"ca","potentialAction":[{"@type":"ReadAction","target":["https:\/\/finquesargemi.com\/ca\/propiedades\/casa-amb-espais-amplis-a-lespardenyera\/"]}]},{"@type":"ImageObject","inLanguage":"ca","@id":"https:\/\/finquesargemi.com\/ca\/propiedades\/casa-amb-espais-amplis-a-lespardenyera\/#primaryimage","url":"https:\/\/finquesargemi.com\/wp-content\/uploads\/2025\/10\/2092520pm.webp","contentUrl":"https:\/\/finquesargemi.com\/wp-content\/uploads\/2025\/10\/2092520pm.webp","width":2500,"height":1667},{"@type":"BreadcrumbList","@id":"https:\/\/finquesargemi.com\/ca\/propiedades\/casa-amb-espais-amplis-a-lespardenyera\/#breadcrumb","itemListElement":[{"@type":"ListItem","position":1,"name":"Portada","item":"https:\/\/finquesargemi.com\/ca\/"},{"@type":"ListItem","position":2,"name":"Properties","item":"https:\/\/finquesargemi.com\/ca\/propiedades\/"},{"@type":"ListItem","position":3,"name":"Casa amb espais amplis a l&#8217;Espardenyera"}]},{"@type":"WebSite","@id":"https:\/\/finquesargemi.com\/ca\/#website","url":"https:\/\/finquesargemi.com\/ca\/","name":"Finques Argem\u00ed","description":"","potentialAction":[{"@type":"SearchAction","target":{"@type":"EntryPoint","urlTemplate":"https:\/\/finquesargemi.com\/ca\/?s={search_term_string}"},"query-input":{"@type":"PropertyValueSpecification","valueRequired":true,"valueName":"search_term_string"}}],"inLanguage":"ca"}]}},"_links":{"self":[{"href":"https:\/\/finquesargemi.com\/ca\/wp-json\/wp\/v2\/properties\/28502","targetHints":{"allow":["GET"]}}],"collection":[{"href":"https:\/\/finquesargemi.com\/ca\/wp-json\/wp\/v2\/properties"}],"about":[{"href":"https:\/\/finquesargemi.com\/ca\/wp-json\/wp\/v2\/types\/property"}],"author":[{"embeddable":true,"href":"https:\/\/finquesargemi.com\/ca\/wp-json\/wp\/v2\/users\/6"}],"version-history":[{"count":1,"href":"https:\/\/finquesargemi.com\/ca\/wp-json\/wp\/v2\/properties\/28502\/revisions"}],"predecessor-version":[{"id":28527,"href":"https:\/\/finquesargemi.com\/ca\/wp-json\/wp\/v2\/properties\/28502\/revisions\/28527"}],"wp:featuredmedia":[{"embeddable":true,"href":"https:\/\/finquesargemi.com\/ca\/wp-json\/wp\/v2\/media\/28501"}],"wp:attachment":[{"href":"https:\/\/finquesargemi.com\/ca\/wp-json\/wp\/v2\/media?parent=28502"}],"wp:term":[{"taxonomy":"property_type","embeddable":true,"href":"https:\/\/finquesargemi.com\/ca\/wp-json\/wp\/v2\/property_type?post=28502"},{"taxonomy":"property_status","embeddable":true,"href":"https:\/\/finquesargemi.com\/ca\/wp-json\/wp\/v2\/property_status?post=28502"},{"taxonomy":"property_feature","embeddable":true,"href":"https:\/\/finquesargemi.com\/ca\/wp-json\/wp\/v2\/property_feature?post=28502"},{"taxonomy":"property_label","embeddable":true,"href":"https:\/\/finquesargemi.com\/ca\/wp-json\/wp\/v2\/property_label?post=28502"},{"taxonomy":"property_state","embeddable":true,"href":"https:\/\/finquesargemi.com\/ca\/wp-json\/wp\/v2\/property_state?post=28502"},{"taxonomy":"property_city","embeddable":true,"href":"https:\/\/finquesargemi.com\/ca\/wp-json\/wp\/v2\/property_city?post=28502"},{"taxonomy":"property_area","embeddable":true,"href":"https:\/\/finquesargemi.com\/ca\/wp-json\/wp\/v2\/property_area?post=28502"}],"curies":[{"name":"wp","href":"https:\/\/api.w.org\/{rel}","templated":true}]}}