{"id":27609,"date":"2025-04-07T09:20:28","date_gmt":"2025-04-07T07:20:28","guid":{"rendered":"https:\/\/finquesargemi.com\/propiedades\/casa-per-reformar-en-el-centre-del-poble\/"},"modified":"2025-04-15T14:03:06","modified_gmt":"2025-04-15T12:03:06","slug":"casa-per-reformar-en-el-centre-del-poble","status":"publish","type":"property","link":"https:\/\/finquesargemi.com\/ca\/propiedades\/casa-per-reformar-en-el-centre-del-poble\/","title":{"rendered":"Casa per reformar en el centre del poble"},"content":{"rendered":"\n<p>Finques Argem\u00ed comercialitza una casa de 209m2 sobre parcel\u00b7la de 280m2 per reformar al centre del poble, a tocar de la pla\u00e7a de Cal Baldir\u00f3.<\/p>\n\n<p>La distribuci\u00f3 actual est\u00e0 composta per planta baixa i primer piso.<\/p>\n\n<p>En planta baixa ens trobem amb una habitaci\u00f3 doble, una individual, cuina amb despensa i sortida a un gran jard\u00ed de 200m2 aproximadament i sal\u00f3 comedor.&#13;\nEn planta primera es troba en 4 habitacions dobles, un bany complet, una petita habitaci\u00f3 vestida i una gran terrassa orientada a sur.<\/p>\n\n<p>Es tracta d&#8217;una casa amb grans possibilitats, en una localitzaci\u00f3 i amb una orientaci\u00f3 immillorable.<\/p>\n","protected":false},"excerpt":{"rendered":"<p>Finques Argem\u00ed comercialitza una casa de 209m2 sobre parcel\u00b7la de 280m2 per reformar al centre del poble, a tocar de la pla\u00e7a de Cal Baldir\u00f3. La distribuci\u00f3 actual est\u00e0 composta per planta baixa i primer piso. En planta baixa ens trobem amb una habitaci\u00f3 doble, una individual, cuina amb despensa i sortida a un gran [&hellip;]<\/p>\n","protected":false},"author":6,"featured_media":27605,"parent":0,"menu_order":0,"template":"","property_type":[302],"property_status":[231],"property_feature":[],"property_label":[289],"property_state":[230],"property_city":[229],"property_area":[301,274],"class_list":["post-27609","property","type-property","status-publish","has-post-thumbnail","hentry","property_type-casa-ca-2","property_status-venda","property_label-a-reformar-ca","property_state-barcelona-ca","property_city-matadepera-ca","property_area-centre-ca","property_area-centre-matadepera-ca"],"property_meta":{"fave_featured":["0"],"houzez_featured_listing_date":[""],"fave_property_images":["27604","27606","27612"],"fave_single_top_area":["global"],"fave_single_content_area":["global"],"_top_nav_excluded":[""],"_cms_nav_minihome":[""],"fave_property_price":["620000"],"fave_property_size":["208"],"fave_property_land":["280"],"fave_property_bedrooms":["6"],"fave_property_bathrooms":["1"],"fave_property_year":["1988"],"fave_property_id":["20855"],"fave_property_location":["25.68654,-80.431345,15"],"houzez_geolocation_lat":["25.68654"],"houzez_geolocation_long":["-80.431345"],"fave_property_map_street_view":["hide"],"fave_agent_display_option":["agency_info"],"fave_property_agency":["2792"],"fave_prop_homeslider":["no"],"fave_energy_class":["G"],"fave_renewable_energy_global_index":["999"],"_thumbnail_id":["27605"],"_last_translation_edit_mode":["translation-editor"],"houzez_total_property_views":["145"],"houzez_views_by_date":["a:61:{s:10:\"06-29-2025\";i:1;s:10:\"06-30-2025\";i:1;s:10:\"07-02-2025\";i:1;s:10:\"07-05-2025\";i:2;s:10:\"07-06-2025\";i:1;s:10:\"07-10-2025\";i:1;s:10:\"07-12-2025\";i:1;s:10:\"07-14-2025\";i:1;s:10:\"07-17-2025\";i:1;s:10:\"07-18-2025\";i:1;s:10:\"07-23-2025\";i:1;s:10:\"07-25-2025\";i:3;s:10:\"07-26-2025\";i:1;s:10:\"07-30-2025\";i:4;s:10:\"08-06-2025\";i:1;s:10:\"08-11-2025\";i:1;s:10:\"08-14-2025\";i:1;s:10:\"08-16-2025\";i:1;s:10:\"08-17-2025\";i:1;s:10:\"08-18-2025\";i:1;s:10:\"08-20-2025\";i:1;s:10:\"08-23-2025\";i:1;s:10:\"08-25-2025\";i:1;s:10:\"08-26-2025\";i:1;s:10:\"08-30-2025\";i:1;s:10:\"08-31-2025\";i:1;s:10:\"09-03-2025\";i:1;s:10:\"09-05-2025\";i:2;s:10:\"09-07-2025\";i:2;s:10:\"09-08-2025\";i:1;s:10:\"09-09-2025\";i:1;s:10:\"09-12-2025\";i:2;s:10:\"09-13-2025\";i:1;s:10:\"09-14-2025\";i:1;s:10:\"09-18-2025\";i:1;s:10:\"09-20-2025\";i:1;s:10:\"09-25-2025\";i:2;s:10:\"09-26-2025\";i:4;s:10:\"09-29-2025\";i:1;s:10:\"09-30-2025\";i:1;s:10:\"10-01-2025\";i:1;s:10:\"10-09-2025\";i:1;s:10:\"10-13-2025\";i:1;s:10:\"10-16-2025\";i:1;s:10:\"10-20-2025\";i:1;s:10:\"10-30-2025\";i:1;s:10:\"11-12-2025\";i:1;s:10:\"11-16-2025\";i:1;s:10:\"11-21-2025\";i:1;s:10:\"11-26-2025\";i:1;s:10:\"12-12-2025\";i:1;s:10:\"12-29-2025\";i:1;s:10:\"01-08-2026\";i:1;s:10:\"01-11-2026\";i:1;s:10:\"01-25-2026\";i:1;s:10:\"01-26-2026\";i:1;s:10:\"02-09-2026\";i:1;s:10:\"02-12-2026\";i:1;s:10:\"02-27-2026\";i:1;s:10:\"04-05-2026\";i:1;s:10:\"04-16-2026\";i:1;}"],"houzez_recently_viewed":["2026-04-16 05:56:07"],"cmplz_hide_cookiebanner":[""],"houzez_manual_expire":["0"],"_houzez_expiration_date_status":["saved"],"_yoast_wpseo_primary_property_type":["53"],"_yoast_wpseo_primary_property_status":["45"],"_yoast_wpseo_primary_property_feature":[""],"_yoast_wpseo_primary_property_label":["211"],"_yoast_wpseo_primary_property_state":["101"],"_yoast_wpseo_primary_property_city":["106"],"_yoast_wpseo_primary_property_area":["220"],"_elementor_page_assets":["a:0:{}"]},"yoast_head":"<!-- This site is optimized with the Yoast SEO plugin v27.4 - https:\/\/yoast.com\/product\/yoast-seo-wordpress\/ -->\n<title>Casa per reformar en el centre del poble - Finques Argem\u00ed<\/title>\n<meta name=\"robots\" content=\"index, follow, max-snippet:-1, max-image-preview:large, max-video-preview:-1\" \/>\n<link rel=\"canonical\" href=\"https:\/\/finquesargemi.com\/ca\/propiedades\/casa-per-reformar-en-el-centre-del-poble\/\" \/>\n<meta property=\"og:locale\" content=\"ca_ES\" \/>\n<meta property=\"og:type\" content=\"article\" \/>\n<meta property=\"og:title\" content=\"Casa per reformar en el centre del poble - Finques Argem\u00ed\" \/>\n<meta property=\"og:description\" content=\"Finques Argem\u00ed comercialitza una casa de 209m2 sobre parcel\u00b7la de 280m2 per reformar al centre del poble, a tocar de la pla\u00e7a de Cal Baldir\u00f3. La distribuci\u00f3 actual est\u00e0 composta per planta baixa i primer piso. En planta baixa ens trobem amb una habitaci\u00f3 doble, una individual, cuina amb despensa i sortida a un gran [&hellip;]\" \/>\n<meta property=\"og:url\" content=\"https:\/\/finquesargemi.com\/ca\/propiedades\/casa-per-reformar-en-el-centre-del-poble\/\" \/>\n<meta property=\"og:site_name\" content=\"Finques Argem\u00ed\" \/>\n<meta property=\"article:modified_time\" content=\"2025-04-15T12:03:06+00:00\" \/>\n<meta property=\"og:image\" content=\"https:\/\/finquesargemi.com\/wp-content\/uploads\/2025\/04\/IMG-20250401-WA0007.webp\" \/>\n\t<meta property=\"og:image:width\" content=\"1530\" \/>\n\t<meta property=\"og:image:height\" content=\"2040\" \/>\n\t<meta property=\"og:image:type\" content=\"image\/jpeg\" \/>\n<meta name=\"twitter:card\" content=\"summary_large_image\" \/>\n<script type=\"application\/ld+json\" class=\"yoast-schema-graph\">{\"@context\":\"https:\\\/\\\/schema.org\",\"@graph\":[{\"@type\":\"WebPage\",\"@id\":\"https:\\\/\\\/finquesargemi.com\\\/ca\\\/propiedades\\\/casa-per-reformar-en-el-centre-del-poble\\\/\",\"url\":\"https:\\\/\\\/finquesargemi.com\\\/ca\\\/propiedades\\\/casa-per-reformar-en-el-centre-del-poble\\\/\",\"name\":\"Casa per reformar en el centre del poble - Finques Argem\u00ed\",\"isPartOf\":{\"@id\":\"https:\\\/\\\/finquesargemi.com\\\/ca\\\/#website\"},\"primaryImageOfPage\":{\"@id\":\"https:\\\/\\\/finquesargemi.com\\\/ca\\\/propiedades\\\/casa-per-reformar-en-el-centre-del-poble\\\/#primaryimage\"},\"image\":{\"@id\":\"https:\\\/\\\/finquesargemi.com\\\/ca\\\/propiedades\\\/casa-per-reformar-en-el-centre-del-poble\\\/#primaryimage\"},\"thumbnailUrl\":\"https:\\\/\\\/finquesargemi.com\\\/wp-content\\\/uploads\\\/2025\\\/04\\\/IMG-20250401-WA0007.webp\",\"datePublished\":\"2025-04-07T07:20:28+00:00\",\"dateModified\":\"2025-04-15T12:03:06+00:00\",\"breadcrumb\":{\"@id\":\"https:\\\/\\\/finquesargemi.com\\\/ca\\\/propiedades\\\/casa-per-reformar-en-el-centre-del-poble\\\/#breadcrumb\"},\"inLanguage\":\"ca\",\"potentialAction\":[{\"@type\":\"ReadAction\",\"target\":[\"https:\\\/\\\/finquesargemi.com\\\/ca\\\/propiedades\\\/casa-per-reformar-en-el-centre-del-poble\\\/\"]}]},{\"@type\":\"ImageObject\",\"inLanguage\":\"ca\",\"@id\":\"https:\\\/\\\/finquesargemi.com\\\/ca\\\/propiedades\\\/casa-per-reformar-en-el-centre-del-poble\\\/#primaryimage\",\"url\":\"https:\\\/\\\/finquesargemi.com\\\/wp-content\\\/uploads\\\/2025\\\/04\\\/IMG-20250401-WA0007.webp\",\"contentUrl\":\"https:\\\/\\\/finquesargemi.com\\\/wp-content\\\/uploads\\\/2025\\\/04\\\/IMG-20250401-WA0007.webp\",\"width\":1530,\"height\":2040},{\"@type\":\"BreadcrumbList\",\"@id\":\"https:\\\/\\\/finquesargemi.com\\\/ca\\\/propiedades\\\/casa-per-reformar-en-el-centre-del-poble\\\/#breadcrumb\",\"itemListElement\":[{\"@type\":\"ListItem\",\"position\":1,\"name\":\"Portada\",\"item\":\"https:\\\/\\\/finquesargemi.com\\\/ca\\\/\"},{\"@type\":\"ListItem\",\"position\":2,\"name\":\"Properties\",\"item\":\"https:\\\/\\\/finquesargemi.com\\\/ca\\\/propiedades\\\/\"},{\"@type\":\"ListItem\",\"position\":3,\"name\":\"Casa per reformar en el centre del poble\"}]},{\"@type\":\"WebSite\",\"@id\":\"https:\\\/\\\/finquesargemi.com\\\/ca\\\/#website\",\"url\":\"https:\\\/\\\/finquesargemi.com\\\/ca\\\/\",\"name\":\"Finques Argem\u00ed\",\"description\":\"\",\"potentialAction\":[{\"@type\":\"SearchAction\",\"target\":{\"@type\":\"EntryPoint\",\"urlTemplate\":\"https:\\\/\\\/finquesargemi.com\\\/ca\\\/?s={search_term_string}\"},\"query-input\":{\"@type\":\"PropertyValueSpecification\",\"valueRequired\":true,\"valueName\":\"search_term_string\"}}],\"inLanguage\":\"ca\"}]}<\/script>\n<!-- \/ Yoast SEO plugin. -->","yoast_head_json":{"title":"Casa per reformar en el centre del poble - Finques Argem\u00ed","robots":{"index":"index","follow":"follow","max-snippet":"max-snippet:-1","max-image-preview":"max-image-preview:large","max-video-preview":"max-video-preview:-1"},"canonical":"https:\/\/finquesargemi.com\/ca\/propiedades\/casa-per-reformar-en-el-centre-del-poble\/","og_locale":"ca_ES","og_type":"article","og_title":"Casa per reformar en el centre del poble - Finques Argem\u00ed","og_description":"Finques Argem\u00ed comercialitza una casa de 209m2 sobre parcel\u00b7la de 280m2 per reformar al centre del poble, a tocar de la pla\u00e7a de Cal Baldir\u00f3. La distribuci\u00f3 actual est\u00e0 composta per planta baixa i primer piso. En planta baixa ens trobem amb una habitaci\u00f3 doble, una individual, cuina amb despensa i sortida a un gran [&hellip;]","og_url":"https:\/\/finquesargemi.com\/ca\/propiedades\/casa-per-reformar-en-el-centre-del-poble\/","og_site_name":"Finques Argem\u00ed","article_modified_time":"2025-04-15T12:03:06+00:00","og_image":[{"width":1530,"height":2040,"url":"https:\/\/finquesargemi.com\/wp-content\/uploads\/2025\/04\/IMG-20250401-WA0007.webp","type":"image\/jpeg"}],"twitter_card":"summary_large_image","schema":{"@context":"https:\/\/schema.org","@graph":[{"@type":"WebPage","@id":"https:\/\/finquesargemi.com\/ca\/propiedades\/casa-per-reformar-en-el-centre-del-poble\/","url":"https:\/\/finquesargemi.com\/ca\/propiedades\/casa-per-reformar-en-el-centre-del-poble\/","name":"Casa per reformar en el centre del poble - Finques Argem\u00ed","isPartOf":{"@id":"https:\/\/finquesargemi.com\/ca\/#website"},"primaryImageOfPage":{"@id":"https:\/\/finquesargemi.com\/ca\/propiedades\/casa-per-reformar-en-el-centre-del-poble\/#primaryimage"},"image":{"@id":"https:\/\/finquesargemi.com\/ca\/propiedades\/casa-per-reformar-en-el-centre-del-poble\/#primaryimage"},"thumbnailUrl":"https:\/\/finquesargemi.com\/wp-content\/uploads\/2025\/04\/IMG-20250401-WA0007.webp","datePublished":"2025-04-07T07:20:28+00:00","dateModified":"2025-04-15T12:03:06+00:00","breadcrumb":{"@id":"https:\/\/finquesargemi.com\/ca\/propiedades\/casa-per-reformar-en-el-centre-del-poble\/#breadcrumb"},"inLanguage":"ca","potentialAction":[{"@type":"ReadAction","target":["https:\/\/finquesargemi.com\/ca\/propiedades\/casa-per-reformar-en-el-centre-del-poble\/"]}]},{"@type":"ImageObject","inLanguage":"ca","@id":"https:\/\/finquesargemi.com\/ca\/propiedades\/casa-per-reformar-en-el-centre-del-poble\/#primaryimage","url":"https:\/\/finquesargemi.com\/wp-content\/uploads\/2025\/04\/IMG-20250401-WA0007.webp","contentUrl":"https:\/\/finquesargemi.com\/wp-content\/uploads\/2025\/04\/IMG-20250401-WA0007.webp","width":1530,"height":2040},{"@type":"BreadcrumbList","@id":"https:\/\/finquesargemi.com\/ca\/propiedades\/casa-per-reformar-en-el-centre-del-poble\/#breadcrumb","itemListElement":[{"@type":"ListItem","position":1,"name":"Portada","item":"https:\/\/finquesargemi.com\/ca\/"},{"@type":"ListItem","position":2,"name":"Properties","item":"https:\/\/finquesargemi.com\/ca\/propiedades\/"},{"@type":"ListItem","position":3,"name":"Casa per reformar en el centre del poble"}]},{"@type":"WebSite","@id":"https:\/\/finquesargemi.com\/ca\/#website","url":"https:\/\/finquesargemi.com\/ca\/","name":"Finques Argem\u00ed","description":"","potentialAction":[{"@type":"SearchAction","target":{"@type":"EntryPoint","urlTemplate":"https:\/\/finquesargemi.com\/ca\/?s={search_term_string}"},"query-input":{"@type":"PropertyValueSpecification","valueRequired":true,"valueName":"search_term_string"}}],"inLanguage":"ca"}]}},"_links":{"self":[{"href":"https:\/\/finquesargemi.com\/ca\/wp-json\/wp\/v2\/properties\/27609","targetHints":{"allow":["GET"]}}],"collection":[{"href":"https:\/\/finquesargemi.com\/ca\/wp-json\/wp\/v2\/properties"}],"about":[{"href":"https:\/\/finquesargemi.com\/ca\/wp-json\/wp\/v2\/types\/property"}],"author":[{"embeddable":true,"href":"https:\/\/finquesargemi.com\/ca\/wp-json\/wp\/v2\/users\/6"}],"version-history":[{"count":1,"href":"https:\/\/finquesargemi.com\/ca\/wp-json\/wp\/v2\/properties\/27609\/revisions"}],"predecessor-version":[{"id":27610,"href":"https:\/\/finquesargemi.com\/ca\/wp-json\/wp\/v2\/properties\/27609\/revisions\/27610"}],"wp:featuredmedia":[{"embeddable":true,"href":"https:\/\/finquesargemi.com\/ca\/wp-json\/wp\/v2\/media\/27605"}],"wp:attachment":[{"href":"https:\/\/finquesargemi.com\/ca\/wp-json\/wp\/v2\/media?parent=27609"}],"wp:term":[{"taxonomy":"property_type","embeddable":true,"href":"https:\/\/finquesargemi.com\/ca\/wp-json\/wp\/v2\/property_type?post=27609"},{"taxonomy":"property_status","embeddable":true,"href":"https:\/\/finquesargemi.com\/ca\/wp-json\/wp\/v2\/property_status?post=27609"},{"taxonomy":"property_feature","embeddable":true,"href":"https:\/\/finquesargemi.com\/ca\/wp-json\/wp\/v2\/property_feature?post=27609"},{"taxonomy":"property_label","embeddable":true,"href":"https:\/\/finquesargemi.com\/ca\/wp-json\/wp\/v2\/property_label?post=27609"},{"taxonomy":"property_state","embeddable":true,"href":"https:\/\/finquesargemi.com\/ca\/wp-json\/wp\/v2\/property_state?post=27609"},{"taxonomy":"property_city","embeddable":true,"href":"https:\/\/finquesargemi.com\/ca\/wp-json\/wp\/v2\/property_city?post=27609"},{"taxonomy":"property_area","embeddable":true,"href":"https:\/\/finquesargemi.com\/ca\/wp-json\/wp\/v2\/property_area?post=27609"}],"curies":[{"name":"wp","href":"https:\/\/api.w.org\/{rel}","templated":true}]}}