{"id":27212,"date":"2025-01-27T08:58:46","date_gmt":"2025-01-27T07:58:46","guid":{"rendered":"https:\/\/finquesargemi.com\/propiedades\/lloguer-casa-de-lloguer-a-la-plana-matadepera\/"},"modified":"2025-03-02T09:54:40","modified_gmt":"2025-03-02T08:54:40","slug":"lloguer-casa-de-lloguer-a-la-plana-matadepera","status":"publish","type":"property","link":"https:\/\/finquesargemi.com\/ca\/propiedades\/lloguer-casa-de-lloguer-a-la-plana-matadepera\/","title":{"rendered":"Casa en venda a La Plana Matadepera"},"content":{"rendered":"\n<h3 class=\"wp-block-heading\" id=\"js-detail-description-title\">Casa de lloguer a LA PLANA MATADEPERA<\/h3>\n\n<p id=\"js-detail-description\">Ubicada en Matadepera, a 5 min. del centre, trobem aquesta magn\u00edfica finca esquinera amb 4 habitacions de 329 m\u00b2 constru\u00efdes amb preciosos jard\u00ed amb c\u00e9sped artificial i piscina.&#13;\n&#13;\nLa propietat est\u00e0 distribu\u00efda en 2 plantes, entrant per la porta principal trobem un ampli recibidor, un fant\u00e0stic sal\u00f3 comedor molt acogedor, una espl\u00e8ndida cuina-office amb sortida a l&#8217;exterior amb acc\u00e9s a porche-barbacoa, jard\u00ed impecable i piscina; amplio cuarto de lavadero; en dicha planta tamb\u00e9 disposa d&#8217;una altra maravillosa sala d&#8217;estar molt lluminosa i el garatge, un bany complet amb plat de dutxa. Subimos unas escaleras desde el recibidor hacia la primera planta donde encontramos 4 hab. , dos d&#8217;elles dobles i 2 individuals un ampli bany complet amb banyera. Terraza que torna tota aquesta primera planta. Des del jard\u00ed podem gaudir d&#8217;unes maravelloses vistes a la muntanya i on passar agradables moments gaudint de la piscina i l&#8217;entorn, tant de dia com de nit. Estat impecable.&#13;\n&#13;\nLa propietat disposa de calefacci\u00f3n a gas natural a tota la casa, tancaments d&#8217;alumini, p\u00f2rtics d&#8217;alumini i s\u00f2ls de parquet.&#13;\n&#13;\nMatadepera al pie del parque Natural del Sant Lloren\u00e7 del Munt i La Mola, en plena naturalesa i tranquil\u00b7litat, amb tots els serveis m\u00ednims, escoles, clubs de deporte, restaurants o supermercados, per\u00f2 nom\u00e9s diez minuts al cotxe de Barcelona i a 30 minuts de l&#8217;aeroport.<\/p>\n","protected":false},"excerpt":{"rendered":"<p>Casa de lloguer a LA PLANA MATADEPERA Ubicada en Matadepera, a 5 min. del centre, trobem aquesta magn\u00edfica finca esquinera amb 4 habitacions de 329 m\u00b2 constru\u00efdes amb preciosos jard\u00ed amb c\u00e9sped artificial i piscina.&#13; &#13; La propietat est\u00e0 distribu\u00efda en 2 plantes, entrant per la porta principal trobem un ampli recibidor, un fant\u00e0stic sal\u00f3 [&hellip;]<\/p>\n","protected":false},"author":6,"featured_media":27210,"parent":0,"menu_order":0,"template":"","property_type":[302],"property_status":[231],"property_feature":[236,237,245,247,258,259],"property_label":[],"property_state":[230],"property_city":[229],"property_area":[314],"class_list":["post-27212","property","type-property","status-publish","has-post-thumbnail","hentry","property_type-casa-ca-2","property_status-venda","property_feature-armaris","property_feature-barbacoa-ca","property_feature-cuina-office","property_feature-jardi","property_feature-parquing-privat","property_feature-piscina-ca","property_state-barcelona-ca","property_city-matadepera-ca","property_area-la-plana-ca"],"property_meta":{"fave_featured":["0"],"houzez_featured_listing_date":[""],"fave_property_images":["27209","27171","27173","27195","27201","27169","27179","27181","27183","27175","27167","27177","27185","27187","27189","27191","27193","27203","27205","27207","27199"],"fave_single_top_area":["global"],"fave_single_content_area":["global"],"_top_nav_excluded":[""],"_cms_nav_minihome":[""],"houzez_geolocation_lat":["25.68654"],"houzez_geolocation_long":["-80.431345"],"_thumbnail_id":["27210"],"_last_translation_edit_mode":["translation-editor"],"houzez_total_property_views":["195"],"houzez_views_by_date":["a:61:{s:10:\"06-25-2025\";i:2;s:10:\"06-26-2025\";i:3;s:10:\"06-27-2025\";i:2;s:10:\"06-29-2025\";i:1;s:10:\"06-30-2025\";i:1;s:10:\"07-03-2025\";i:3;s:10:\"07-04-2025\";i:1;s:10:\"07-05-2025\";i:1;s:10:\"07-06-2025\";i:1;s:10:\"07-08-2025\";i:2;s:10:\"07-10-2025\";i:1;s:10:\"07-12-2025\";i:2;s:10:\"07-13-2025\";i:1;s:10:\"07-16-2025\";i:1;s:10:\"07-18-2025\";i:1;s:10:\"07-20-2025\";i:1;s:10:\"07-26-2025\";i:1;s:10:\"07-30-2025\";i:1;s:10:\"08-05-2025\";i:1;s:10:\"08-06-2025\";i:1;s:10:\"08-09-2025\";i:1;s:10:\"08-11-2025\";i:1;s:10:\"08-15-2025\";i:1;s:10:\"08-19-2025\";i:2;s:10:\"08-21-2025\";i:1;s:10:\"08-23-2025\";i:1;s:10:\"08-25-2025\";i:2;s:10:\"08-26-2025\";i:4;s:10:\"09-03-2025\";i:1;s:10:\"09-08-2025\";i:3;s:10:\"09-10-2025\";i:2;s:10:\"09-12-2025\";i:1;s:10:\"09-13-2025\";i:2;s:10:\"09-14-2025\";i:1;s:10:\"09-15-2025\";i:1;s:10:\"09-17-2025\";i:1;s:10:\"09-18-2025\";i:1;s:10:\"09-25-2025\";i:1;s:10:\"09-26-2025\";i:3;s:10:\"09-27-2025\";i:1;s:10:\"09-28-2025\";i:1;s:10:\"09-30-2025\";i:1;s:10:\"10-01-2025\";i:2;s:10:\"10-09-2025\";i:1;s:10:\"10-11-2025\";i:1;s:10:\"10-20-2025\";i:2;s:10:\"10-27-2025\";i:1;s:10:\"11-01-2025\";i:1;s:10:\"11-12-2025\";i:1;s:10:\"11-22-2025\";i:1;s:10:\"11-26-2025\";i:1;s:10:\"12-29-2025\";i:1;s:10:\"01-08-2026\";i:1;s:10:\"01-11-2026\";i:1;s:10:\"01-26-2026\";i:1;s:10:\"01-27-2026\";i:1;s:10:\"02-09-2026\";i:1;s:10:\"02-12-2026\";i:1;s:10:\"02-23-2026\";i:1;s:10:\"04-05-2026\";i:1;s:10:\"04-17-2026\";i:1;}"],"houzez_recently_viewed":["2026-04-17 04:50:24"],"fave_property_price":["950000"],"fave_property_size":["329"],"fave_property_land":["700"],"fave_property_bedrooms":["4"],"fave_property_bathrooms":["2"],"fave_property_id":["20805"],"fave_property_location":["25.68654,-80.431345,15"],"fave_property_map_street_view":["hide"],"fave_agent_display_option":["agency_info"],"fave_property_agency":["2792"],"fave_prop_homeslider":["no"],"_elementor_page_assets":["a:0:{}"]},"yoast_head":"<!-- This site is optimized with the Yoast SEO plugin v27.4 - https:\/\/yoast.com\/product\/yoast-seo-wordpress\/ -->\n<title>Casa en venda a La Plana Matadepera - Finques Argem\u00ed<\/title>\n<meta name=\"robots\" content=\"index, follow, max-snippet:-1, max-image-preview:large, max-video-preview:-1\" \/>\n<link rel=\"canonical\" href=\"https:\/\/finquesargemi.com\/ca\/propiedades\/lloguer-casa-de-lloguer-a-la-plana-matadepera\/\" \/>\n<meta property=\"og:locale\" content=\"ca_ES\" \/>\n<meta property=\"og:type\" content=\"article\" \/>\n<meta property=\"og:title\" content=\"Casa en venda a La Plana Matadepera - Finques Argem\u00ed\" \/>\n<meta property=\"og:description\" content=\"Casa de lloguer a LA PLANA MATADEPERA Ubicada en Matadepera, a 5 min. del centre, trobem aquesta magn\u00edfica finca esquinera amb 4 habitacions de 329 m\u00b2 constru\u00efdes amb preciosos jard\u00ed amb c\u00e9sped artificial i piscina.&#013; &#013; La propietat est\u00e0 distribu\u00efda en 2 plantes, entrant per la porta principal trobem un ampli recibidor, un fant\u00e0stic sal\u00f3 [&hellip;]\" \/>\n<meta property=\"og:url\" content=\"https:\/\/finquesargemi.com\/ca\/propiedades\/lloguer-casa-de-lloguer-a-la-plana-matadepera\/\" \/>\n<meta property=\"og:site_name\" content=\"Finques Argem\u00ed\" \/>\n<meta property=\"article:modified_time\" content=\"2025-03-02T08:54:40+00:00\" \/>\n<meta property=\"og:image\" content=\"https:\/\/finquesargemi.com\/wp-content\/uploads\/2025\/01\/2080509.webp\" \/>\n\t<meta property=\"og:image:width\" content=\"2500\" \/>\n\t<meta property=\"og:image:height\" content=\"1667\" \/>\n\t<meta property=\"og:image:type\" content=\"image\/jpeg\" \/>\n<meta name=\"twitter:card\" content=\"summary_large_image\" \/>\n<script type=\"application\/ld+json\" class=\"yoast-schema-graph\">{\"@context\":\"https:\\\/\\\/schema.org\",\"@graph\":[{\"@type\":\"WebPage\",\"@id\":\"https:\\\/\\\/finquesargemi.com\\\/ca\\\/propiedades\\\/lloguer-casa-de-lloguer-a-la-plana-matadepera\\\/\",\"url\":\"https:\\\/\\\/finquesargemi.com\\\/ca\\\/propiedades\\\/lloguer-casa-de-lloguer-a-la-plana-matadepera\\\/\",\"name\":\"Casa en venda a La Plana Matadepera - Finques Argem\u00ed\",\"isPartOf\":{\"@id\":\"https:\\\/\\\/finquesargemi.com\\\/ca\\\/#website\"},\"primaryImageOfPage\":{\"@id\":\"https:\\\/\\\/finquesargemi.com\\\/ca\\\/propiedades\\\/lloguer-casa-de-lloguer-a-la-plana-matadepera\\\/#primaryimage\"},\"image\":{\"@id\":\"https:\\\/\\\/finquesargemi.com\\\/ca\\\/propiedades\\\/lloguer-casa-de-lloguer-a-la-plana-matadepera\\\/#primaryimage\"},\"thumbnailUrl\":\"https:\\\/\\\/finquesargemi.com\\\/wp-content\\\/uploads\\\/2025\\\/01\\\/2080509.webp\",\"datePublished\":\"2025-01-27T07:58:46+00:00\",\"dateModified\":\"2025-03-02T08:54:40+00:00\",\"breadcrumb\":{\"@id\":\"https:\\\/\\\/finquesargemi.com\\\/ca\\\/propiedades\\\/lloguer-casa-de-lloguer-a-la-plana-matadepera\\\/#breadcrumb\"},\"inLanguage\":\"ca\",\"potentialAction\":[{\"@type\":\"ReadAction\",\"target\":[\"https:\\\/\\\/finquesargemi.com\\\/ca\\\/propiedades\\\/lloguer-casa-de-lloguer-a-la-plana-matadepera\\\/\"]}]},{\"@type\":\"ImageObject\",\"inLanguage\":\"ca\",\"@id\":\"https:\\\/\\\/finquesargemi.com\\\/ca\\\/propiedades\\\/lloguer-casa-de-lloguer-a-la-plana-matadepera\\\/#primaryimage\",\"url\":\"https:\\\/\\\/finquesargemi.com\\\/wp-content\\\/uploads\\\/2025\\\/01\\\/2080509.webp\",\"contentUrl\":\"https:\\\/\\\/finquesargemi.com\\\/wp-content\\\/uploads\\\/2025\\\/01\\\/2080509.webp\",\"width\":2500,\"height\":1667},{\"@type\":\"BreadcrumbList\",\"@id\":\"https:\\\/\\\/finquesargemi.com\\\/ca\\\/propiedades\\\/lloguer-casa-de-lloguer-a-la-plana-matadepera\\\/#breadcrumb\",\"itemListElement\":[{\"@type\":\"ListItem\",\"position\":1,\"name\":\"Portada\",\"item\":\"https:\\\/\\\/finquesargemi.com\\\/ca\\\/\"},{\"@type\":\"ListItem\",\"position\":2,\"name\":\"Properties\",\"item\":\"https:\\\/\\\/finquesargemi.com\\\/ca\\\/propiedades\\\/\"},{\"@type\":\"ListItem\",\"position\":3,\"name\":\"Casa en venda a La Plana Matadepera\"}]},{\"@type\":\"WebSite\",\"@id\":\"https:\\\/\\\/finquesargemi.com\\\/ca\\\/#website\",\"url\":\"https:\\\/\\\/finquesargemi.com\\\/ca\\\/\",\"name\":\"Finques Argem\u00ed\",\"description\":\"\",\"potentialAction\":[{\"@type\":\"SearchAction\",\"target\":{\"@type\":\"EntryPoint\",\"urlTemplate\":\"https:\\\/\\\/finquesargemi.com\\\/ca\\\/?s={search_term_string}\"},\"query-input\":{\"@type\":\"PropertyValueSpecification\",\"valueRequired\":true,\"valueName\":\"search_term_string\"}}],\"inLanguage\":\"ca\"}]}<\/script>\n<!-- \/ Yoast SEO plugin. -->","yoast_head_json":{"title":"Casa en venda a La Plana Matadepera - Finques Argem\u00ed","robots":{"index":"index","follow":"follow","max-snippet":"max-snippet:-1","max-image-preview":"max-image-preview:large","max-video-preview":"max-video-preview:-1"},"canonical":"https:\/\/finquesargemi.com\/ca\/propiedades\/lloguer-casa-de-lloguer-a-la-plana-matadepera\/","og_locale":"ca_ES","og_type":"article","og_title":"Casa en venda a La Plana Matadepera - Finques Argem\u00ed","og_description":"Casa de lloguer a LA PLANA MATADEPERA Ubicada en Matadepera, a 5 min. del centre, trobem aquesta magn\u00edfica finca esquinera amb 4 habitacions de 329 m\u00b2 constru\u00efdes amb preciosos jard\u00ed amb c\u00e9sped artificial i piscina.&#13; &#13; La propietat est\u00e0 distribu\u00efda en 2 plantes, entrant per la porta principal trobem un ampli recibidor, un fant\u00e0stic sal\u00f3 [&hellip;]","og_url":"https:\/\/finquesargemi.com\/ca\/propiedades\/lloguer-casa-de-lloguer-a-la-plana-matadepera\/","og_site_name":"Finques Argem\u00ed","article_modified_time":"2025-03-02T08:54:40+00:00","og_image":[{"width":2500,"height":1667,"url":"https:\/\/finquesargemi.com\/wp-content\/uploads\/2025\/01\/2080509.webp","type":"image\/jpeg"}],"twitter_card":"summary_large_image","schema":{"@context":"https:\/\/schema.org","@graph":[{"@type":"WebPage","@id":"https:\/\/finquesargemi.com\/ca\/propiedades\/lloguer-casa-de-lloguer-a-la-plana-matadepera\/","url":"https:\/\/finquesargemi.com\/ca\/propiedades\/lloguer-casa-de-lloguer-a-la-plana-matadepera\/","name":"Casa en venda a La Plana Matadepera - Finques Argem\u00ed","isPartOf":{"@id":"https:\/\/finquesargemi.com\/ca\/#website"},"primaryImageOfPage":{"@id":"https:\/\/finquesargemi.com\/ca\/propiedades\/lloguer-casa-de-lloguer-a-la-plana-matadepera\/#primaryimage"},"image":{"@id":"https:\/\/finquesargemi.com\/ca\/propiedades\/lloguer-casa-de-lloguer-a-la-plana-matadepera\/#primaryimage"},"thumbnailUrl":"https:\/\/finquesargemi.com\/wp-content\/uploads\/2025\/01\/2080509.webp","datePublished":"2025-01-27T07:58:46+00:00","dateModified":"2025-03-02T08:54:40+00:00","breadcrumb":{"@id":"https:\/\/finquesargemi.com\/ca\/propiedades\/lloguer-casa-de-lloguer-a-la-plana-matadepera\/#breadcrumb"},"inLanguage":"ca","potentialAction":[{"@type":"ReadAction","target":["https:\/\/finquesargemi.com\/ca\/propiedades\/lloguer-casa-de-lloguer-a-la-plana-matadepera\/"]}]},{"@type":"ImageObject","inLanguage":"ca","@id":"https:\/\/finquesargemi.com\/ca\/propiedades\/lloguer-casa-de-lloguer-a-la-plana-matadepera\/#primaryimage","url":"https:\/\/finquesargemi.com\/wp-content\/uploads\/2025\/01\/2080509.webp","contentUrl":"https:\/\/finquesargemi.com\/wp-content\/uploads\/2025\/01\/2080509.webp","width":2500,"height":1667},{"@type":"BreadcrumbList","@id":"https:\/\/finquesargemi.com\/ca\/propiedades\/lloguer-casa-de-lloguer-a-la-plana-matadepera\/#breadcrumb","itemListElement":[{"@type":"ListItem","position":1,"name":"Portada","item":"https:\/\/finquesargemi.com\/ca\/"},{"@type":"ListItem","position":2,"name":"Properties","item":"https:\/\/finquesargemi.com\/ca\/propiedades\/"},{"@type":"ListItem","position":3,"name":"Casa en venda a La Plana Matadepera"}]},{"@type":"WebSite","@id":"https:\/\/finquesargemi.com\/ca\/#website","url":"https:\/\/finquesargemi.com\/ca\/","name":"Finques Argem\u00ed","description":"","potentialAction":[{"@type":"SearchAction","target":{"@type":"EntryPoint","urlTemplate":"https:\/\/finquesargemi.com\/ca\/?s={search_term_string}"},"query-input":{"@type":"PropertyValueSpecification","valueRequired":true,"valueName":"search_term_string"}}],"inLanguage":"ca"}]}},"_links":{"self":[{"href":"https:\/\/finquesargemi.com\/ca\/wp-json\/wp\/v2\/properties\/27212","targetHints":{"allow":["GET"]}}],"collection":[{"href":"https:\/\/finquesargemi.com\/ca\/wp-json\/wp\/v2\/properties"}],"about":[{"href":"https:\/\/finquesargemi.com\/ca\/wp-json\/wp\/v2\/types\/property"}],"author":[{"embeddable":true,"href":"https:\/\/finquesargemi.com\/ca\/wp-json\/wp\/v2\/users\/6"}],"version-history":[{"count":3,"href":"https:\/\/finquesargemi.com\/ca\/wp-json\/wp\/v2\/properties\/27212\/revisions"}],"predecessor-version":[{"id":27436,"href":"https:\/\/finquesargemi.com\/ca\/wp-json\/wp\/v2\/properties\/27212\/revisions\/27436"}],"wp:featuredmedia":[{"embeddable":true,"href":"https:\/\/finquesargemi.com\/ca\/wp-json\/wp\/v2\/media\/27210"}],"wp:attachment":[{"href":"https:\/\/finquesargemi.com\/ca\/wp-json\/wp\/v2\/media?parent=27212"}],"wp:term":[{"taxonomy":"property_type","embeddable":true,"href":"https:\/\/finquesargemi.com\/ca\/wp-json\/wp\/v2\/property_type?post=27212"},{"taxonomy":"property_status","embeddable":true,"href":"https:\/\/finquesargemi.com\/ca\/wp-json\/wp\/v2\/property_status?post=27212"},{"taxonomy":"property_feature","embeddable":true,"href":"https:\/\/finquesargemi.com\/ca\/wp-json\/wp\/v2\/property_feature?post=27212"},{"taxonomy":"property_label","embeddable":true,"href":"https:\/\/finquesargemi.com\/ca\/wp-json\/wp\/v2\/property_label?post=27212"},{"taxonomy":"property_state","embeddable":true,"href":"https:\/\/finquesargemi.com\/ca\/wp-json\/wp\/v2\/property_state?post=27212"},{"taxonomy":"property_city","embeddable":true,"href":"https:\/\/finquesargemi.com\/ca\/wp-json\/wp\/v2\/property_city?post=27212"},{"taxonomy":"property_area","embeddable":true,"href":"https:\/\/finquesargemi.com\/ca\/wp-json\/wp\/v2\/property_area?post=27212"}],"curies":[{"name":"wp","href":"https:\/\/api.w.org\/{rel}","templated":true}]}}