{"id":23332,"date":"2023-12-05T13:50:30","date_gmt":"2023-12-05T12:50:30","guid":{"rendered":"https:\/\/finquesargemi.com\/propiedades\/casa-en-venda-al-centre-de-matadepera\/"},"modified":"2025-12-21T13:48:07","modified_gmt":"2025-12-21T12:48:07","slug":"casa-en-venda-al-centre-de-matadepera","status":"publish","type":"property","link":"https:\/\/finquesargemi.com\/ca\/propiedades\/casa-en-venda-al-centre-de-matadepera\/","title":{"rendered":"Casa en venda al Centre de Matadepera"},"content":{"rendered":"\n<p>Exclusiu habitatge unifamiliar amb vistes a 360\u00ba al centre del poble on es troben tots els comer\u00e7os.&#13;\nSobre una parcel\u00b7la de 850m2 i 434m2 constru\u00efts s&#8217;al\u00e7a aquest elegant habitatge constru\u00eft i decorat amb un gust exquisit a tots els detalls i unes qualitats immillorables.&#13;\nL&#8217;entrada de l&#8217;habitatge ens acull amb un gran porxo que fa \u00fas de chill out.&#13;\nAccedim a trav\u00e9s d\u00b4un vest\u00edbul d\u00b4entrada amb un bany de cortesia i un passad\u00eds en forma de L que ens distribueix totes les estances de l\u00b4habitatge.&#13;\nA m\u00e0 esquerra ens trobem amb un sal\u00f3 modern i exclusiu amb una decoraci\u00f3 exquisida i una xemeneia per acompanyar aquests dies freds d&#8217;hivern. Connectat a ell hi ha el menjador amb una taula gran i preciosa de fusta on poder acollir molts convidats. La cuina amb office tamb\u00e9 connectada amb el menjador acull un rebost on poder guardar tots els productes.&#13;\nSeguint el passad\u00eds de l&#8217;entrada, ens porta a 3 habitacions dobles totes exteriors amb un bany complet i la meravellosa i moderna suite amb vestidor i un bany complet amb banyera.&#13;\nPujant les escales que es troben al mateix passad\u00eds ens dirigim a una torre on es troba el despatx amb vista 360\u00ba amb vistes al mar de Barcelona i tamb\u00e9 a la muntanya de La Mola on et sentir\u00e0s envoltat d&#8217;un meravell\u00f3s paisatge per passar hores treballant a el despatx. Aquest tamb\u00e9 d\u00f3na a una gran terrassa amb vistes al poble i la muntanya.&#13;\nBaixant per les escales des del passad\u00eds ens trobem amb dues estades de joc i cinema on poder gaudir de llargues hores de diversi\u00f3 amb la fam\u00edlia i els amics.&#13;\nTota la vivenda est\u00e0 envoltada per un preci\u00f3s jard\u00ed amb piscina, p\u00e0rquing cobert per a dos cotxes i una zona de porxo amb barbacoa on gaudir d&#8217;aquells meravellosos \u00e0pats quan arriba el bon temps.&#13;\nMatadepera \u00e9s una de les millors zones per viure, al peu de la Mola on poder gaudir de la natura a peu de carrer. Ubicada a 25 minuts de Barcelona ia prop de les millors escoles de la zona.&#13;\nUna oportunitat immillorable! El preu no inclou impostos ni despeses de gesti\u00f3.<\/p>\n","protected":false},"excerpt":{"rendered":"<p>Exclusiu habitatge unifamiliar amb vistes a 360\u00ba al centre del poble on es troben tots els comer\u00e7os.&#13; Sobre una parcel\u00b7la de 850m2 i 434m2 constru\u00efts s&#8217;al\u00e7a aquest elegant habitatge constru\u00eft i decorat amb un gust exquisit a tots els detalls i unes qualitats immillorables.&#13; L&#8217;entrada de l&#8217;habitatge ens acull amb un gran porxo que fa [&hellip;]<\/p>\n","protected":false},"author":5,"featured_media":22834,"parent":0,"menu_order":0,"template":"","property_type":[302],"property_status":[231],"property_feature":[241,245,247,244,251,258,259,261],"property_label":[],"property_state":[230],"property_city":[229],"property_area":[274],"class_list":["post-23332","property","type-property","status-publish","has-post-thumbnail","hentry","property_type-casa-ca-2","property_status-venda","property_feature-calefaccio-gas-natural","property_feature-cuina-office","property_feature-jardi","property_feature-llar-de-foc","property_feature-orientacio-nord","property_feature-parquing-privat","property_feature-piscina-ca","property_feature-terrassa","property_state-barcelona-ca","property_city-matadepera-ca","property_area-centre-matadepera-ca"],"property_meta":{"houzez_featured_listing_date":[""],"_top_nav_excluded":[""],"_cms_nav_minihome":[""],"houzez_geolocation_lat":["25.68654"],"houzez_geolocation_long":["-80.431345"],"_thumbnail_id":["22834"],"_last_translation_edit_mode":["native-editor"],"houzez_total_property_views":["396"],"houzez_views_by_date":["a:61:{s:10:\"06-28-2025\";i:2;s:10:\"07-01-2025\";i:2;s:10:\"07-02-2025\";i:1;s:10:\"07-03-2025\";i:1;s:10:\"07-05-2025\";i:1;s:10:\"07-06-2025\";i:1;s:10:\"07-08-2025\";i:2;s:10:\"07-09-2025\";i:1;s:10:\"07-12-2025\";i:1;s:10:\"07-15-2025\";i:1;s:10:\"07-17-2025\";i:1;s:10:\"07-18-2025\";i:1;s:10:\"07-25-2025\";i:1;s:10:\"07-26-2025\";i:1;s:10:\"07-30-2025\";i:1;s:10:\"08-03-2025\";i:1;s:10:\"08-04-2025\";i:1;s:10:\"08-08-2025\";i:1;s:10:\"08-09-2025\";i:3;s:10:\"08-11-2025\";i:1;s:10:\"08-14-2025\";i:1;s:10:\"08-15-2025\";i:1;s:10:\"08-23-2025\";i:1;s:10:\"08-24-2025\";i:1;s:10:\"08-26-2025\";i:1;s:10:\"08-27-2025\";i:3;s:10:\"08-29-2025\";i:1;s:10:\"08-31-2025\";i:1;s:10:\"09-03-2025\";i:1;s:10:\"09-08-2025\";i:3;s:10:\"09-13-2025\";i:3;s:10:\"09-14-2025\";i:2;s:10:\"09-15-2025\";i:1;s:10:\"09-17-2025\";i:1;s:10:\"09-19-2025\";i:1;s:10:\"09-22-2025\";i:1;s:10:\"09-24-2025\";i:1;s:10:\"09-26-2025\";i:4;s:10:\"09-27-2025\";i:1;s:10:\"09-29-2025\";i:1;s:10:\"10-01-2025\";i:1;s:10:\"10-09-2025\";i:1;s:10:\"10-11-2025\";i:2;s:10:\"10-13-2025\";i:1;s:10:\"10-20-2025\";i:1;s:10:\"10-28-2025\";i:1;s:10:\"11-12-2025\";i:1;s:10:\"11-18-2025\";i:1;s:10:\"11-26-2025\";i:1;s:10:\"12-23-2025\";i:1;s:10:\"12-28-2025\";i:1;s:10:\"01-08-2026\";i:1;s:10:\"01-11-2026\";i:1;s:10:\"01-24-2026\";i:1;s:10:\"01-26-2026\";i:2;s:10:\"02-09-2026\";i:1;s:10:\"02-12-2026\";i:1;s:10:\"02-23-2026\";i:1;s:10:\"03-30-2026\";i:1;s:10:\"04-03-2026\";i:1;s:10:\"04-14-2026\";i:1;}"],"houzez_recently_viewed":["2026-04-14 20:31:53"],"_edit_last":["6"],"_edit_lock":["1766321299:6"],"_wpml_word_count":["344"],"fave_property_map":["0"],"cmplz_hide_cookiebanner":[""],"houzez_manual_expire":["0"],"_houzez_expiration_date_status":["saved"],"_wpml_media_duplicate":["1"],"_wpml_media_featured":["1"],"_yoast_wpseo_primary_property_type":["302"],"_yoast_wpseo_primary_property_status":["231"],"_yoast_wpseo_primary_property_feature":["247"],"_yoast_wpseo_primary_property_label":[""],"_yoast_wpseo_primary_property_state":["230"],"_yoast_wpseo_primary_property_city":["229"],"_yoast_wpseo_primary_property_area":["274"],"_yoast_wpseo_content_score":["30"],"_yoast_wpseo_estimated-reading-time-minutes":["2"],"_yoast_wpseo_wordproof_timestamp":[""],"fave_property_price":["1468000"],"fave_property_size":["400"],"fave_property_land":["850"],"fave_property_bedrooms":["5"],"fave_property_bathrooms":["3"],"fave_property_garage":["2"],"fave_property_id":["20232"],"fave_property_location":["25.68654,-80.431345,15"],"fave_property_map_street_view":["hide"],"fave_property_zip":["08230"],"fave_agent_display_option":["agency_info"],"fave_prop_homeslider":["no"],"fave_property_images":["21302","21303","21304","21305","21306","21309","21307","21308","21310","21311","21312","21296","21297","21298","21299","21300","21301","21313","21314","21315","21316","21317","21318","21319","21320","21321","21322","21323","21324","21325","21326","21327","21328","21329","21330","21331","21332","21333","21334","21335","21336","21337","21338"],"fave_featured":["0"],"fave_single_top_area":["global"],"fave_single_content_area":["global"],"_oembed_3411f817aa70afe2ec9f6ca424c14351":["{{unknown}}"],"_elementor_page_assets":["a:0:{}"]},"yoast_head":"<!-- This site is optimized with the Yoast SEO plugin v27.4 - https:\/\/yoast.com\/product\/yoast-seo-wordpress\/ -->\n<title>Casa en venda al Centre de Matadepera - Finques Argem\u00ed<\/title>\n<meta name=\"robots\" content=\"index, follow, max-snippet:-1, max-image-preview:large, max-video-preview:-1\" \/>\n<link rel=\"canonical\" href=\"https:\/\/finquesargemi.com\/ca\/propiedades\/casa-en-venda-al-centre-de-matadepera\/\" \/>\n<meta property=\"og:locale\" content=\"ca_ES\" \/>\n<meta property=\"og:type\" content=\"article\" \/>\n<meta property=\"og:title\" content=\"Casa en venda al Centre de Matadepera - Finques Argem\u00ed\" \/>\n<meta property=\"og:description\" content=\"Exclusiu habitatge unifamiliar amb vistes a 360\u00ba al centre del poble on es troben tots els comer\u00e7os.&#013; Sobre una parcel\u00b7la de 850m2 i 434m2 constru\u00efts s&#8217;al\u00e7a aquest elegant habitatge constru\u00eft i decorat amb un gust exquisit a tots els detalls i unes qualitats immillorables.&#013; L&#8217;entrada de l&#8217;habitatge ens acull amb un gran porxo que fa [&hellip;]\" \/>\n<meta property=\"og:url\" content=\"https:\/\/finquesargemi.com\/ca\/propiedades\/casa-en-venda-al-centre-de-matadepera\/\" \/>\n<meta property=\"og:site_name\" content=\"Finques Argem\u00ed\" \/>\n<meta property=\"article:modified_time\" content=\"2025-12-21T12:48:07+00:00\" \/>\n<meta property=\"og:image\" content=\"https:\/\/finquesargemi.com\/wp-content\/uploads\/2023\/12\/ref_20232_017.jpg\" \/>\n\t<meta property=\"og:image:width\" content=\"1000\" \/>\n\t<meta property=\"og:image:height\" content=\"666\" \/>\n\t<meta property=\"og:image:type\" content=\"image\/jpeg\" \/>\n<meta name=\"twitter:card\" content=\"summary_large_image\" \/>\n<script type=\"application\/ld+json\" class=\"yoast-schema-graph\">{\"@context\":\"https:\\\/\\\/schema.org\",\"@graph\":[{\"@type\":\"WebPage\",\"@id\":\"https:\\\/\\\/finquesargemi.com\\\/ca\\\/propiedades\\\/casa-en-venda-al-centre-de-matadepera\\\/\",\"url\":\"https:\\\/\\\/finquesargemi.com\\\/ca\\\/propiedades\\\/casa-en-venda-al-centre-de-matadepera\\\/\",\"name\":\"Casa en venda al Centre de Matadepera - Finques Argem\u00ed\",\"isPartOf\":{\"@id\":\"https:\\\/\\\/finquesargemi.com\\\/ca\\\/#website\"},\"primaryImageOfPage\":{\"@id\":\"https:\\\/\\\/finquesargemi.com\\\/ca\\\/propiedades\\\/casa-en-venda-al-centre-de-matadepera\\\/#primaryimage\"},\"image\":{\"@id\":\"https:\\\/\\\/finquesargemi.com\\\/ca\\\/propiedades\\\/casa-en-venda-al-centre-de-matadepera\\\/#primaryimage\"},\"thumbnailUrl\":\"https:\\\/\\\/finquesargemi.com\\\/wp-content\\\/uploads\\\/2023\\\/12\\\/ref_20232_017.jpg\",\"datePublished\":\"2023-12-05T12:50:30+00:00\",\"dateModified\":\"2025-12-21T12:48:07+00:00\",\"breadcrumb\":{\"@id\":\"https:\\\/\\\/finquesargemi.com\\\/ca\\\/propiedades\\\/casa-en-venda-al-centre-de-matadepera\\\/#breadcrumb\"},\"inLanguage\":\"ca\",\"potentialAction\":[{\"@type\":\"ReadAction\",\"target\":[\"https:\\\/\\\/finquesargemi.com\\\/ca\\\/propiedades\\\/casa-en-venda-al-centre-de-matadepera\\\/\"]}]},{\"@type\":\"ImageObject\",\"inLanguage\":\"ca\",\"@id\":\"https:\\\/\\\/finquesargemi.com\\\/ca\\\/propiedades\\\/casa-en-venda-al-centre-de-matadepera\\\/#primaryimage\",\"url\":\"https:\\\/\\\/finquesargemi.com\\\/wp-content\\\/uploads\\\/2023\\\/12\\\/ref_20232_017.jpg\",\"contentUrl\":\"https:\\\/\\\/finquesargemi.com\\\/wp-content\\\/uploads\\\/2023\\\/12\\\/ref_20232_017.jpg\",\"width\":1000,\"height\":666},{\"@type\":\"BreadcrumbList\",\"@id\":\"https:\\\/\\\/finquesargemi.com\\\/ca\\\/propiedades\\\/casa-en-venda-al-centre-de-matadepera\\\/#breadcrumb\",\"itemListElement\":[{\"@type\":\"ListItem\",\"position\":1,\"name\":\"Portada\",\"item\":\"https:\\\/\\\/finquesargemi.com\\\/ca\\\/\"},{\"@type\":\"ListItem\",\"position\":2,\"name\":\"Properties\",\"item\":\"https:\\\/\\\/finquesargemi.com\\\/ca\\\/propiedades\\\/\"},{\"@type\":\"ListItem\",\"position\":3,\"name\":\"Casa en venda al Centre de Matadepera\"}]},{\"@type\":\"WebSite\",\"@id\":\"https:\\\/\\\/finquesargemi.com\\\/ca\\\/#website\",\"url\":\"https:\\\/\\\/finquesargemi.com\\\/ca\\\/\",\"name\":\"Finques Argem\u00ed\",\"description\":\"\",\"potentialAction\":[{\"@type\":\"SearchAction\",\"target\":{\"@type\":\"EntryPoint\",\"urlTemplate\":\"https:\\\/\\\/finquesargemi.com\\\/ca\\\/?s={search_term_string}\"},\"query-input\":{\"@type\":\"PropertyValueSpecification\",\"valueRequired\":true,\"valueName\":\"search_term_string\"}}],\"inLanguage\":\"ca\"}]}<\/script>\n<!-- \/ Yoast SEO plugin. -->","yoast_head_json":{"title":"Casa en venda al Centre de Matadepera - Finques Argem\u00ed","robots":{"index":"index","follow":"follow","max-snippet":"max-snippet:-1","max-image-preview":"max-image-preview:large","max-video-preview":"max-video-preview:-1"},"canonical":"https:\/\/finquesargemi.com\/ca\/propiedades\/casa-en-venda-al-centre-de-matadepera\/","og_locale":"ca_ES","og_type":"article","og_title":"Casa en venda al Centre de Matadepera - Finques Argem\u00ed","og_description":"Exclusiu habitatge unifamiliar amb vistes a 360\u00ba al centre del poble on es troben tots els comer\u00e7os.&#13; Sobre una parcel\u00b7la de 850m2 i 434m2 constru\u00efts s&#8217;al\u00e7a aquest elegant habitatge constru\u00eft i decorat amb un gust exquisit a tots els detalls i unes qualitats immillorables.&#13; L&#8217;entrada de l&#8217;habitatge ens acull amb un gran porxo que fa [&hellip;]","og_url":"https:\/\/finquesargemi.com\/ca\/propiedades\/casa-en-venda-al-centre-de-matadepera\/","og_site_name":"Finques Argem\u00ed","article_modified_time":"2025-12-21T12:48:07+00:00","og_image":[{"width":1000,"height":666,"url":"https:\/\/finquesargemi.com\/wp-content\/uploads\/2023\/12\/ref_20232_017.jpg","type":"image\/jpeg"}],"twitter_card":"summary_large_image","schema":{"@context":"https:\/\/schema.org","@graph":[{"@type":"WebPage","@id":"https:\/\/finquesargemi.com\/ca\/propiedades\/casa-en-venda-al-centre-de-matadepera\/","url":"https:\/\/finquesargemi.com\/ca\/propiedades\/casa-en-venda-al-centre-de-matadepera\/","name":"Casa en venda al Centre de Matadepera - Finques Argem\u00ed","isPartOf":{"@id":"https:\/\/finquesargemi.com\/ca\/#website"},"primaryImageOfPage":{"@id":"https:\/\/finquesargemi.com\/ca\/propiedades\/casa-en-venda-al-centre-de-matadepera\/#primaryimage"},"image":{"@id":"https:\/\/finquesargemi.com\/ca\/propiedades\/casa-en-venda-al-centre-de-matadepera\/#primaryimage"},"thumbnailUrl":"https:\/\/finquesargemi.com\/wp-content\/uploads\/2023\/12\/ref_20232_017.jpg","datePublished":"2023-12-05T12:50:30+00:00","dateModified":"2025-12-21T12:48:07+00:00","breadcrumb":{"@id":"https:\/\/finquesargemi.com\/ca\/propiedades\/casa-en-venda-al-centre-de-matadepera\/#breadcrumb"},"inLanguage":"ca","potentialAction":[{"@type":"ReadAction","target":["https:\/\/finquesargemi.com\/ca\/propiedades\/casa-en-venda-al-centre-de-matadepera\/"]}]},{"@type":"ImageObject","inLanguage":"ca","@id":"https:\/\/finquesargemi.com\/ca\/propiedades\/casa-en-venda-al-centre-de-matadepera\/#primaryimage","url":"https:\/\/finquesargemi.com\/wp-content\/uploads\/2023\/12\/ref_20232_017.jpg","contentUrl":"https:\/\/finquesargemi.com\/wp-content\/uploads\/2023\/12\/ref_20232_017.jpg","width":1000,"height":666},{"@type":"BreadcrumbList","@id":"https:\/\/finquesargemi.com\/ca\/propiedades\/casa-en-venda-al-centre-de-matadepera\/#breadcrumb","itemListElement":[{"@type":"ListItem","position":1,"name":"Portada","item":"https:\/\/finquesargemi.com\/ca\/"},{"@type":"ListItem","position":2,"name":"Properties","item":"https:\/\/finquesargemi.com\/ca\/propiedades\/"},{"@type":"ListItem","position":3,"name":"Casa en venda al Centre de Matadepera"}]},{"@type":"WebSite","@id":"https:\/\/finquesargemi.com\/ca\/#website","url":"https:\/\/finquesargemi.com\/ca\/","name":"Finques Argem\u00ed","description":"","potentialAction":[{"@type":"SearchAction","target":{"@type":"EntryPoint","urlTemplate":"https:\/\/finquesargemi.com\/ca\/?s={search_term_string}"},"query-input":{"@type":"PropertyValueSpecification","valueRequired":true,"valueName":"search_term_string"}}],"inLanguage":"ca"}]}},"_links":{"self":[{"href":"https:\/\/finquesargemi.com\/ca\/wp-json\/wp\/v2\/properties\/23332","targetHints":{"allow":["GET"]}}],"collection":[{"href":"https:\/\/finquesargemi.com\/ca\/wp-json\/wp\/v2\/properties"}],"about":[{"href":"https:\/\/finquesargemi.com\/ca\/wp-json\/wp\/v2\/types\/property"}],"author":[{"embeddable":true,"href":"https:\/\/finquesargemi.com\/ca\/wp-json\/wp\/v2\/users\/5"}],"version-history":[{"count":2,"href":"https:\/\/finquesargemi.com\/ca\/wp-json\/wp\/v2\/properties\/23332\/revisions"}],"predecessor-version":[{"id":25180,"href":"https:\/\/finquesargemi.com\/ca\/wp-json\/wp\/v2\/properties\/23332\/revisions\/25180"}],"wp:featuredmedia":[{"embeddable":true,"href":"https:\/\/finquesargemi.com\/ca\/wp-json\/wp\/v2\/media\/22834"}],"wp:attachment":[{"href":"https:\/\/finquesargemi.com\/ca\/wp-json\/wp\/v2\/media?parent=23332"}],"wp:term":[{"taxonomy":"property_type","embeddable":true,"href":"https:\/\/finquesargemi.com\/ca\/wp-json\/wp\/v2\/property_type?post=23332"},{"taxonomy":"property_status","embeddable":true,"href":"https:\/\/finquesargemi.com\/ca\/wp-json\/wp\/v2\/property_status?post=23332"},{"taxonomy":"property_feature","embeddable":true,"href":"https:\/\/finquesargemi.com\/ca\/wp-json\/wp\/v2\/property_feature?post=23332"},{"taxonomy":"property_label","embeddable":true,"href":"https:\/\/finquesargemi.com\/ca\/wp-json\/wp\/v2\/property_label?post=23332"},{"taxonomy":"property_state","embeddable":true,"href":"https:\/\/finquesargemi.com\/ca\/wp-json\/wp\/v2\/property_state?post=23332"},{"taxonomy":"property_city","embeddable":true,"href":"https:\/\/finquesargemi.com\/ca\/wp-json\/wp\/v2\/property_city?post=23332"},{"taxonomy":"property_area","embeddable":true,"href":"https:\/\/finquesargemi.com\/ca\/wp-json\/wp\/v2\/property_area?post=23332"}],"curies":[{"name":"wp","href":"https:\/\/api.w.org\/{rel}","templated":true}]}}