{"id":23314,"date":"2023-12-15T15:21:36","date_gmt":"2023-12-15T14:21:36","guid":{"rendered":"https:\/\/finquesargemi.com\/propiedades\/terreny-semipla-en-venda-al-costat-del-poble\/"},"modified":"2024-02-16T13:43:36","modified_gmt":"2024-02-16T12:43:36","slug":"terreny-semipla-en-venda-al-costat-del-poble","status":"publish","type":"property","link":"https:\/\/finquesargemi.com\/ca\/propiedades\/terreny-semipla-en-venda-al-costat-del-poble\/","title":{"rendered":"Terreny semipl\u00e0 en venda al costat del poble"},"content":{"rendered":"\n<p>Situated a La Muntanyeta, aquest terreny ofereix la combinaci\u00f3 perfecta de la tranquil\u00b7litat rural i la proximitat a la vida del poble. Gaudeix de la comoditat de tenir botigues, restaurants i serveis a nom\u00e9s uns passos de dist\u00e0ncia.<\/p>\n\n<p>La topografia semillana d&#8217;aquesta parcel\u00b7la facilita el proc\u00e9s de construcci\u00f3 i ofereix un llen\u00e7 vers\u00e0til per dissenyar la casa dels teus somnis. A m\u00e9s, la proximitat al poble afegeix un toc especial a l&#8217;experi\u00e8ncia de vida.<\/p>\n\n<p>Imagina viure a pocs minuts del cor del poble, on pots gaudir de la cultura local, esdeveniments comunitaris i l&#8217;ess\u00e8ncia \u00fanica de Matadepera.<\/p>\n\n<p>Aquesta \u00e9s la teva oportunitat d&#8217;establir el teu hogar en un entorn encantador, amb la comoditat de tenir tot el que necessites a poca dist\u00e0ncia. No deixis passar aquesta oportunitat! Contacta amb nosaltres per obtenir m\u00e9s detalls o programar una visita.&#8221;<\/p>\n","protected":false},"excerpt":{"rendered":"<p>Situated a La Muntanyeta, aquest terreny ofereix la combinaci\u00f3 perfecta de la tranquil\u00b7litat rural i la proximitat a la vida del poble. Gaudeix de la comoditat de tenir botigues, restaurants i serveis a nom\u00e9s uns passos de dist\u00e0ncia. La topografia semillana d&#8217;aquesta parcel\u00b7la facilita el proc\u00e9s de construcci\u00f3 i ofereix un llen\u00e7 vers\u00e0til per dissenyar [&hellip;]<\/p>\n","protected":false},"author":6,"featured_media":23040,"parent":0,"menu_order":0,"template":"","property_type":[232],"property_status":[231],"property_feature":[],"property_label":[],"property_state":[230],"property_city":[229],"property_area":[278,279],"class_list":["post-23314","property","type-property","status-publish","has-post-thumbnail","hentry","property_type-terreny","property_status-venda","property_state-barcelona-ca","property_city-matadepera-ca","property_area-can-sola-del-raco-ca","property_area-la-muntanyeta-ca"],"property_meta":{"houzez_featured_listing_date":[""],"_top_nav_excluded":[""],"_cms_nav_minihome":[""],"fave_property_price":["160005"],"fave_property_size":["1.000"],"fave_property_land":["1.000"],"fave_property_id":["20328"],"fave_property_location":["25.68654,-80.431345,15"],"houzez_geolocation_lat":["25.68654"],"houzez_geolocation_long":["-80.431345"],"fave_property_map_street_view":["hide"],"fave_property_zip":["08230"],"fave_agent_display_option":["agency_info"],"fave_prop_homeslider":["no"],"_thumbnail_id":["23040"],"_last_translation_edit_mode":["native-editor"],"houzez_total_property_views":["418"],"houzez_views_by_date":["a:61:{s:10:\"06-28-2025\";i:1;s:10:\"06-29-2025\";i:1;s:10:\"07-01-2025\";i:2;s:10:\"07-03-2025\";i:1;s:10:\"07-05-2025\";i:3;s:10:\"07-07-2025\";i:1;s:10:\"07-11-2025\";i:2;s:10:\"07-12-2025\";i:1;s:10:\"07-16-2025\";i:1;s:10:\"07-18-2025\";i:1;s:10:\"07-26-2025\";i:2;s:10:\"07-30-2025\";i:1;s:10:\"08-02-2025\";i:1;s:10:\"08-03-2025\";i:2;s:10:\"08-08-2025\";i:1;s:10:\"08-09-2025\";i:3;s:10:\"08-10-2025\";i:2;s:10:\"08-11-2025\";i:1;s:10:\"08-15-2025\";i:1;s:10:\"08-18-2025\";i:1;s:10:\"08-20-2025\";i:3;s:10:\"08-23-2025\";i:2;s:10:\"08-24-2025\";i:1;s:10:\"08-28-2025\";i:1;s:10:\"08-30-2025\";i:1;s:10:\"08-31-2025\";i:1;s:10:\"09-03-2025\";i:1;s:10:\"09-08-2025\";i:3;s:10:\"09-10-2025\";i:1;s:10:\"09-13-2025\";i:3;s:10:\"09-14-2025\";i:1;s:10:\"09-15-2025\";i:2;s:10:\"09-19-2025\";i:1;s:10:\"09-20-2025\";i:5;s:10:\"09-26-2025\";i:2;s:10:\"09-27-2025\";i:1;s:10:\"09-29-2025\";i:2;s:10:\"10-01-2025\";i:1;s:10:\"10-02-2025\";i:1;s:10:\"10-11-2025\";i:2;s:10:\"10-14-2025\";i:1;s:10:\"10-19-2025\";i:1;s:10:\"10-20-2025\";i:1;s:10:\"10-22-2025\";i:1;s:10:\"10-26-2025\";i:1;s:10:\"10-30-2025\";i:1;s:10:\"11-12-2025\";i:1;s:10:\"11-21-2025\";i:1;s:10:\"11-26-2025\";i:1;s:10:\"12-29-2025\";i:1;s:10:\"01-08-2026\";i:1;s:10:\"01-12-2026\";i:1;s:10:\"01-26-2026\";i:1;s:10:\"01-27-2026\";i:1;s:10:\"02-01-2026\";i:1;s:10:\"02-09-2026\";i:1;s:10:\"02-12-2026\";i:1;s:10:\"02-25-2026\";i:1;s:10:\"03-16-2026\";i:1;s:10:\"04-02-2026\";i:1;s:10:\"04-14-2026\";i:1;}"],"houzez_recently_viewed":["2026-04-14 20:32:28"],"_wpml_word_count":["{\"total\":175,\"to_translate\":{\"es\":175}}"],"_edit_lock":["1708085241:4"],"_edit_last":["4"],"fave_property_map":["0"],"fave_property_images":["21528","21529","21530","21531","21532","21533","21534","21535","21536","21537","21538","21539","21540","21541","21542","21543","21544","21545"],"cmplz_hide_cookiebanner":[""],"houzez_manual_expire":["0"],"_houzez_expiration_date_status":["saved"],"fave_featured":["0"],"fave_single_top_area":["global"],"fave_single_content_area":["global"],"_wpml_media_duplicate":["1"],"_wpml_media_featured":["1"],"_yoast_wpseo_primary_property_type":["232"],"_yoast_wpseo_primary_property_status":["231"],"_yoast_wpseo_primary_property_feature":[""],"_yoast_wpseo_primary_property_label":[""],"_yoast_wpseo_primary_property_state":["230"],"_yoast_wpseo_primary_property_city":["229"],"_yoast_wpseo_primary_property_area":["278"],"_yoast_wpseo_content_score":["90"],"_yoast_wpseo_estimated-reading-time-minutes":["1"],"_yoast_wpseo_wordproof_timestamp":[""],"_elementor_page_assets":["a:0:{}"]},"yoast_head":"<!-- This site is optimized with the Yoast SEO plugin v27.4 - https:\/\/yoast.com\/product\/yoast-seo-wordpress\/ -->\n<title>Terreny semipl\u00e0 en venda al costat del poble - Finques Argem\u00ed<\/title>\n<meta name=\"robots\" content=\"index, follow, max-snippet:-1, max-image-preview:large, max-video-preview:-1\" \/>\n<link rel=\"canonical\" href=\"https:\/\/finquesargemi.com\/ca\/propiedades\/terreny-semipla-en-venda-al-costat-del-poble\/\" \/>\n<meta property=\"og:locale\" content=\"ca_ES\" \/>\n<meta property=\"og:type\" content=\"article\" \/>\n<meta property=\"og:title\" content=\"Terreny semipl\u00e0 en venda al costat del poble - Finques Argem\u00ed\" \/>\n<meta property=\"og:description\" content=\"Situated a La Muntanyeta, aquest terreny ofereix la combinaci\u00f3 perfecta de la tranquil\u00b7litat rural i la proximitat a la vida del poble. Gaudeix de la comoditat de tenir botigues, restaurants i serveis a nom\u00e9s uns passos de dist\u00e0ncia. La topografia semillana d&#8217;aquesta parcel\u00b7la facilita el proc\u00e9s de construcci\u00f3 i ofereix un llen\u00e7 vers\u00e0til per dissenyar [&hellip;]\" \/>\n<meta property=\"og:url\" content=\"https:\/\/finquesargemi.com\/ca\/propiedades\/terreny-semipla-en-venda-al-costat-del-poble\/\" \/>\n<meta property=\"og:site_name\" content=\"Finques Argem\u00ed\" \/>\n<meta property=\"article:modified_time\" content=\"2024-02-16T12:43:36+00:00\" \/>\n<meta property=\"og:image\" content=\"https:\/\/finquesargemi.com\/wp-content\/uploads\/2023\/12\/ref_20328_008.jpg\" \/>\n\t<meta property=\"og:image:width\" content=\"1000\" \/>\n\t<meta property=\"og:image:height\" content=\"750\" \/>\n\t<meta property=\"og:image:type\" content=\"image\/jpeg\" \/>\n<meta name=\"twitter:card\" content=\"summary_large_image\" \/>\n<script type=\"application\/ld+json\" class=\"yoast-schema-graph\">{\"@context\":\"https:\\\/\\\/schema.org\",\"@graph\":[{\"@type\":\"WebPage\",\"@id\":\"https:\\\/\\\/finquesargemi.com\\\/ca\\\/propiedades\\\/terreny-semipla-en-venda-al-costat-del-poble\\\/\",\"url\":\"https:\\\/\\\/finquesargemi.com\\\/ca\\\/propiedades\\\/terreny-semipla-en-venda-al-costat-del-poble\\\/\",\"name\":\"Terreny semipl\u00e0 en venda al costat del poble - Finques Argem\u00ed\",\"isPartOf\":{\"@id\":\"https:\\\/\\\/finquesargemi.com\\\/ca\\\/#website\"},\"primaryImageOfPage\":{\"@id\":\"https:\\\/\\\/finquesargemi.com\\\/ca\\\/propiedades\\\/terreny-semipla-en-venda-al-costat-del-poble\\\/#primaryimage\"},\"image\":{\"@id\":\"https:\\\/\\\/finquesargemi.com\\\/ca\\\/propiedades\\\/terreny-semipla-en-venda-al-costat-del-poble\\\/#primaryimage\"},\"thumbnailUrl\":\"https:\\\/\\\/finquesargemi.com\\\/wp-content\\\/uploads\\\/2023\\\/12\\\/ref_20328_008.jpg\",\"datePublished\":\"2023-12-15T14:21:36+00:00\",\"dateModified\":\"2024-02-16T12:43:36+00:00\",\"breadcrumb\":{\"@id\":\"https:\\\/\\\/finquesargemi.com\\\/ca\\\/propiedades\\\/terreny-semipla-en-venda-al-costat-del-poble\\\/#breadcrumb\"},\"inLanguage\":\"ca\",\"potentialAction\":[{\"@type\":\"ReadAction\",\"target\":[\"https:\\\/\\\/finquesargemi.com\\\/ca\\\/propiedades\\\/terreny-semipla-en-venda-al-costat-del-poble\\\/\"]}]},{\"@type\":\"ImageObject\",\"inLanguage\":\"ca\",\"@id\":\"https:\\\/\\\/finquesargemi.com\\\/ca\\\/propiedades\\\/terreny-semipla-en-venda-al-costat-del-poble\\\/#primaryimage\",\"url\":\"https:\\\/\\\/finquesargemi.com\\\/wp-content\\\/uploads\\\/2023\\\/12\\\/ref_20328_008.jpg\",\"contentUrl\":\"https:\\\/\\\/finquesargemi.com\\\/wp-content\\\/uploads\\\/2023\\\/12\\\/ref_20328_008.jpg\",\"width\":1000,\"height\":750,\"caption\":\"ref_20328\"},{\"@type\":\"BreadcrumbList\",\"@id\":\"https:\\\/\\\/finquesargemi.com\\\/ca\\\/propiedades\\\/terreny-semipla-en-venda-al-costat-del-poble\\\/#breadcrumb\",\"itemListElement\":[{\"@type\":\"ListItem\",\"position\":1,\"name\":\"Portada\",\"item\":\"https:\\\/\\\/finquesargemi.com\\\/ca\\\/\"},{\"@type\":\"ListItem\",\"position\":2,\"name\":\"Properties\",\"item\":\"https:\\\/\\\/finquesargemi.com\\\/ca\\\/propiedades\\\/\"},{\"@type\":\"ListItem\",\"position\":3,\"name\":\"Terreny semipl\u00e0 en venda al costat del poble\"}]},{\"@type\":\"WebSite\",\"@id\":\"https:\\\/\\\/finquesargemi.com\\\/ca\\\/#website\",\"url\":\"https:\\\/\\\/finquesargemi.com\\\/ca\\\/\",\"name\":\"Finques Argem\u00ed\",\"description\":\"\",\"potentialAction\":[{\"@type\":\"SearchAction\",\"target\":{\"@type\":\"EntryPoint\",\"urlTemplate\":\"https:\\\/\\\/finquesargemi.com\\\/ca\\\/?s={search_term_string}\"},\"query-input\":{\"@type\":\"PropertyValueSpecification\",\"valueRequired\":true,\"valueName\":\"search_term_string\"}}],\"inLanguage\":\"ca\"}]}<\/script>\n<!-- \/ Yoast SEO plugin. -->","yoast_head_json":{"title":"Terreny semipl\u00e0 en venda al costat del poble - Finques Argem\u00ed","robots":{"index":"index","follow":"follow","max-snippet":"max-snippet:-1","max-image-preview":"max-image-preview:large","max-video-preview":"max-video-preview:-1"},"canonical":"https:\/\/finquesargemi.com\/ca\/propiedades\/terreny-semipla-en-venda-al-costat-del-poble\/","og_locale":"ca_ES","og_type":"article","og_title":"Terreny semipl\u00e0 en venda al costat del poble - Finques Argem\u00ed","og_description":"Situated a La Muntanyeta, aquest terreny ofereix la combinaci\u00f3 perfecta de la tranquil\u00b7litat rural i la proximitat a la vida del poble. Gaudeix de la comoditat de tenir botigues, restaurants i serveis a nom\u00e9s uns passos de dist\u00e0ncia. La topografia semillana d&#8217;aquesta parcel\u00b7la facilita el proc\u00e9s de construcci\u00f3 i ofereix un llen\u00e7 vers\u00e0til per dissenyar [&hellip;]","og_url":"https:\/\/finquesargemi.com\/ca\/propiedades\/terreny-semipla-en-venda-al-costat-del-poble\/","og_site_name":"Finques Argem\u00ed","article_modified_time":"2024-02-16T12:43:36+00:00","og_image":[{"width":1000,"height":750,"url":"https:\/\/finquesargemi.com\/wp-content\/uploads\/2023\/12\/ref_20328_008.jpg","type":"image\/jpeg"}],"twitter_card":"summary_large_image","schema":{"@context":"https:\/\/schema.org","@graph":[{"@type":"WebPage","@id":"https:\/\/finquesargemi.com\/ca\/propiedades\/terreny-semipla-en-venda-al-costat-del-poble\/","url":"https:\/\/finquesargemi.com\/ca\/propiedades\/terreny-semipla-en-venda-al-costat-del-poble\/","name":"Terreny semipl\u00e0 en venda al costat del poble - Finques Argem\u00ed","isPartOf":{"@id":"https:\/\/finquesargemi.com\/ca\/#website"},"primaryImageOfPage":{"@id":"https:\/\/finquesargemi.com\/ca\/propiedades\/terreny-semipla-en-venda-al-costat-del-poble\/#primaryimage"},"image":{"@id":"https:\/\/finquesargemi.com\/ca\/propiedades\/terreny-semipla-en-venda-al-costat-del-poble\/#primaryimage"},"thumbnailUrl":"https:\/\/finquesargemi.com\/wp-content\/uploads\/2023\/12\/ref_20328_008.jpg","datePublished":"2023-12-15T14:21:36+00:00","dateModified":"2024-02-16T12:43:36+00:00","breadcrumb":{"@id":"https:\/\/finquesargemi.com\/ca\/propiedades\/terreny-semipla-en-venda-al-costat-del-poble\/#breadcrumb"},"inLanguage":"ca","potentialAction":[{"@type":"ReadAction","target":["https:\/\/finquesargemi.com\/ca\/propiedades\/terreny-semipla-en-venda-al-costat-del-poble\/"]}]},{"@type":"ImageObject","inLanguage":"ca","@id":"https:\/\/finquesargemi.com\/ca\/propiedades\/terreny-semipla-en-venda-al-costat-del-poble\/#primaryimage","url":"https:\/\/finquesargemi.com\/wp-content\/uploads\/2023\/12\/ref_20328_008.jpg","contentUrl":"https:\/\/finquesargemi.com\/wp-content\/uploads\/2023\/12\/ref_20328_008.jpg","width":1000,"height":750,"caption":"ref_20328"},{"@type":"BreadcrumbList","@id":"https:\/\/finquesargemi.com\/ca\/propiedades\/terreny-semipla-en-venda-al-costat-del-poble\/#breadcrumb","itemListElement":[{"@type":"ListItem","position":1,"name":"Portada","item":"https:\/\/finquesargemi.com\/ca\/"},{"@type":"ListItem","position":2,"name":"Properties","item":"https:\/\/finquesargemi.com\/ca\/propiedades\/"},{"@type":"ListItem","position":3,"name":"Terreny semipl\u00e0 en venda al costat del poble"}]},{"@type":"WebSite","@id":"https:\/\/finquesargemi.com\/ca\/#website","url":"https:\/\/finquesargemi.com\/ca\/","name":"Finques Argem\u00ed","description":"","potentialAction":[{"@type":"SearchAction","target":{"@type":"EntryPoint","urlTemplate":"https:\/\/finquesargemi.com\/ca\/?s={search_term_string}"},"query-input":{"@type":"PropertyValueSpecification","valueRequired":true,"valueName":"search_term_string"}}],"inLanguage":"ca"}]}},"_links":{"self":[{"href":"https:\/\/finquesargemi.com\/ca\/wp-json\/wp\/v2\/properties\/23314","targetHints":{"allow":["GET"]}}],"collection":[{"href":"https:\/\/finquesargemi.com\/ca\/wp-json\/wp\/v2\/properties"}],"about":[{"href":"https:\/\/finquesargemi.com\/ca\/wp-json\/wp\/v2\/types\/property"}],"author":[{"embeddable":true,"href":"https:\/\/finquesargemi.com\/ca\/wp-json\/wp\/v2\/users\/6"}],"version-history":[{"count":1,"href":"https:\/\/finquesargemi.com\/ca\/wp-json\/wp\/v2\/properties\/23314\/revisions"}],"predecessor-version":[{"id":23315,"href":"https:\/\/finquesargemi.com\/ca\/wp-json\/wp\/v2\/properties\/23314\/revisions\/23315"}],"wp:featuredmedia":[{"embeddable":true,"href":"https:\/\/finquesargemi.com\/ca\/wp-json\/wp\/v2\/media\/23040"}],"wp:attachment":[{"href":"https:\/\/finquesargemi.com\/ca\/wp-json\/wp\/v2\/media?parent=23314"}],"wp:term":[{"taxonomy":"property_type","embeddable":true,"href":"https:\/\/finquesargemi.com\/ca\/wp-json\/wp\/v2\/property_type?post=23314"},{"taxonomy":"property_status","embeddable":true,"href":"https:\/\/finquesargemi.com\/ca\/wp-json\/wp\/v2\/property_status?post=23314"},{"taxonomy":"property_feature","embeddable":true,"href":"https:\/\/finquesargemi.com\/ca\/wp-json\/wp\/v2\/property_feature?post=23314"},{"taxonomy":"property_label","embeddable":true,"href":"https:\/\/finquesargemi.com\/ca\/wp-json\/wp\/v2\/property_label?post=23314"},{"taxonomy":"property_state","embeddable":true,"href":"https:\/\/finquesargemi.com\/ca\/wp-json\/wp\/v2\/property_state?post=23314"},{"taxonomy":"property_city","embeddable":true,"href":"https:\/\/finquesargemi.com\/ca\/wp-json\/wp\/v2\/property_city?post=23314"},{"taxonomy":"property_area","embeddable":true,"href":"https:\/\/finquesargemi.com\/ca\/wp-json\/wp\/v2\/property_area?post=23314"}],"curies":[{"name":"wp","href":"https:\/\/api.w.org\/{rel}","templated":true}]}}