{"id":23222,"date":"2023-11-23T13:50:49","date_gmt":"2023-11-23T12:50:49","guid":{"rendered":"https:\/\/finquesargemi.com\/administracio-de-propietats-i-lloguers\/"},"modified":"2024-02-06T17:58:49","modified_gmt":"2024-02-06T16:58:49","slug":"administracio-de-propietats-i-lloguers","status":"publish","type":"page","link":"https:\/\/finquesargemi.com\/ca\/administracio-de-propietats-i-lloguers\/","title":{"rendered":"Administraci\u00f3 de propietats i lloguers"},"content":{"rendered":"\t\t<div data-elementor-type=\"wp-page\" data-elementor-id=\"23222\" class=\"elementor elementor-23222 elementor-20620\" data-elementor-post-type=\"page\">\n\t\t\t\t<div class=\"elementor-element elementor-element-f80a54b e-flex e-con-boxed e-con e-parent\" data-id=\"f80a54b\" data-element_type=\"container\" data-e-type=\"container\" data-settings=\"{&quot;background_background&quot;:&quot;classic&quot;}\">\n\t\t\t\t\t<div class=\"e-con-inner\">\n\t\t\t\t\t<\/div>\n\t\t\t\t<\/div>\n\t\t<div class=\"elementor-element elementor-element-0d7b851 e-flex e-con-boxed e-con e-parent\" data-id=\"0d7b851\" data-element_type=\"container\" data-e-type=\"container\">\n\t\t\t\t\t<div class=\"e-con-inner\">\n\t\t<div class=\"elementor-element elementor-element-60fb818 e-flex e-con-boxed e-con e-child\" data-id=\"60fb818\" data-element_type=\"container\" data-e-type=\"container\">\n\t\t\t\t\t<div class=\"e-con-inner\">\n\t\t\t\t<div class=\"elementor-element elementor-element-d1870f8 elementor-widget elementor-widget-heading\" data-id=\"d1870f8\" data-element_type=\"widget\" data-e-type=\"widget\" data-widget_type=\"heading.default\">\n\t\t\t\t<div class=\"elementor-widget-container\">\n\t\t\t\t\t<h1 class=\"elementor-heading-title elementor-size-default\">Gesti\u00f3 Professional de Lloguers i Administraci\u00f3 de Propietats<\/h1>\t\t\t\t<\/div>\n\t\t\t\t<\/div>\n\t\t\t\t<div class=\"elementor-element elementor-element-39d8e7c elementor-widget elementor-widget-text-editor\" data-id=\"39d8e7c\" data-element_type=\"widget\" data-e-type=\"widget\" data-widget_type=\"text-editor.default\">\n\t\t\t\t<div class=\"elementor-widget-container\">\n\t\t\t\t\t\t\t\t\t<p><span style=\"font-weight: 400;\">Amb m\u00e9s de 70 anys d&#8217;experi\u00e8ncia, som l\u00edders en la gesti\u00f3 i l&#8217;administraci\u00f3 de lloguers de propietats. Els nostres serveis estan dissenyats per oferir-te tranquil\u00b7litat i rendibilitat a cada moment.<\/span><\/p>\n\t\t\t\t\t\t\t\t<\/div>\n\t\t\t\t<\/div>\n\t\t\t\t<div class=\"elementor-element elementor-element-3841877 elementor-widget elementor-widget-text-editor\" data-id=\"3841877\" data-element_type=\"widget\" data-e-type=\"widget\" data-widget_type=\"text-editor.default\">\n\t\t\t\t<div class=\"elementor-widget-container\">\n\t\t\t\t\t\t\t\t\t<p>&#8211; Portem m\u00e9s de 70 anys al mercat immobiliari administrant lloguers, tota una garantia per als clients.<br \/>&#8211; Informem dels preus de lloguer de mercat i valorem la seva propietat sense cap cost.<br \/>&#8211; Disposem d\u00b4una \u00e0mplia cartera de clients interessats en pisos\/cases de lloguer.<br \/>&#8211; Donem gran difusi\u00f3 del seu immoble publicant-lo als principals portals immobiliaris.<br \/>&#8211; Estem en constant formaci\u00f3 i sempre adaptant-nos als canvis legislatius del moment.<br \/>&#8211; Busquem el millor client pel seu immoble i ens assegurem de trobar clients potencials, analitzant la seva situaci\u00f3 personal i solv\u00e8ncia.<br \/>&#8211; Preparem els contractes de lloguer d\u201facord amb la legislaci\u00f3 vigent i ens ocupem d\u201fobtenir la documentaci\u00f3 necess\u00e0ria per poder llogar l\u201fimmoble, com la C\u00e8dula d\u201fHabitabilitat i el Certificat d\u201fEfici\u00e8ncia Energ\u00e8tica.<br \/>&#8211; Disposem d&#8217;industrials de confian\u00e7a per gestionar reparacions o qualsevol obra que sigui necess\u00e0ria a l&#8217;immoble.<br \/>&#8211; Oferim assessorament immobiliari i legal de tota mena a la propietat, en cas d&#8217;impagaments o conflictes contractuals amb l&#8217;inquil\u00ed.<br \/>&#8211; Administrem la seva propietat amb total professionalitat, la qual<br \/>cosa inclou:<\/p>\n<ul>\n<li>Cobrar als llogaters els rebuts de lloguer mensuals i aplicar els increments de l&#8217;IPC quan toca.<\/li>\n<li>Cobrar als llogaters les taxes municipals pertinents, com ara els residus, el clavegueram o el gual.<\/li>\n<li>Atendre i resoldre totes les incid\u00e8ncies que sorgeixin durant el temps que duri el contracte de lloguer, sense que la propietat s&#8217;hagi d&#8217;ocupar.<\/li>\n<li>Atendre totes les demandes i consultes dels llogaters, procurant no molestar la propietat.<\/li>\n<li>Realitzar els contractes nous en cas que estiguin a renovar o noves altes.<\/li>\n<li>Acompanyar sempre el nostre client i procurar el millor per ell.<\/li>\n<\/ul>\n<p>&#8211; Som experts en la gesti\u00f3 i administraci\u00f3 de lloguers de finques, amb una llarga traject\u00f2ria de m\u00e9s de 70 anys que ens avala (Administrador de Finques Col\u00b7legiat n\u00ba 5.636 API Col\u00b7legiat n\u00ba 3.279, n\u00ba AICAT 4645).<\/p>\n\t\t\t\t\t\t\t\t<\/div>\n\t\t\t\t<\/div>\n\t\t\t\t<div class=\"elementor-element elementor-element-82136e5 elementor-widget elementor-widget-heading\" data-id=\"82136e5\" data-element_type=\"widget\" data-e-type=\"widget\" data-widget_type=\"heading.default\">\n\t\t\t\t<div class=\"elementor-widget-container\">\n\t\t\t\t\t<h2 class=\"elementor-heading-title elementor-size-default\">Per qu\u00e8 triar-nos:<\/h2>\t\t\t\t<\/div>\n\t\t\t\t<\/div>\n\t\t\t\t<div class=\"elementor-element elementor-element-60420e4 elementor-widget elementor-widget-text-editor\" data-id=\"60420e4\" data-element_type=\"widget\" data-e-type=\"widget\" data-widget_type=\"text-editor.default\">\n\t\t\t\t<div class=\"elementor-widget-container\">\n\t\t\t\t\t\t\t\t\t<p><span style=\"font-weight: 400;\">A Finques Argem\u00ed, no nom\u00e9s gestionem propietats; creem experi\u00e8ncies positives per a propietaris i llogaters. Confieu en nosaltres per potenciar el rendiment de la vostra inversi\u00f3 immobili\u00e0ria. Contacta&#8217;ns avui i descobreix la difer\u00e8ncia!<\/span><\/p>\n\t\t\t\t\t\t\t\t<\/div>\n\t\t\t\t<\/div>\n\t\t\t\t\t<\/div>\n\t\t\t\t<\/div>\n\t\t\t\t\t<\/div>\n\t\t\t\t<\/div>\n\t\t\t\t<\/div>\n\t\t","protected":false},"excerpt":{"rendered":"<p>Gesti\u00f3 Professional de Lloguers i Administraci\u00f3 de Propietats Amb m\u00e9s de 70 anys d&#8217;experi\u00e8ncia, som l\u00edders en la gesti\u00f3 i l&#8217;administraci\u00f3 de lloguers de propietats. Els nostres serveis estan dissenyats per oferir-te tranquil\u00b7litat i rendibilitat a cada moment. &#8211; Portem m\u00e9s de 70 anys al mercat immobiliari administrant lloguers, tota una garantia per als clients.&#8211; [&hellip;]<\/p>\n","protected":false},"author":6,"featured_media":0,"parent":0,"menu_order":0,"comment_status":"closed","ping_status":"closed","template":"elementor_header_footer","meta":{"footnotes":""},"class_list":["post-23222","page","type-page","status-publish","hentry"],"yoast_head":"<!-- This site is optimized with the Yoast SEO plugin v27.4 - https:\/\/yoast.com\/product\/yoast-seo-wordpress\/ -->\n<title>Administraci\u00f3 de propietats i lloguers - Finques Argem\u00ed<\/title>\n<meta name=\"robots\" content=\"index, follow, max-snippet:-1, max-image-preview:large, max-video-preview:-1\" \/>\n<link rel=\"canonical\" href=\"https:\/\/finquesargemi.com\/ca\/administracio-de-propietats-i-lloguers\/\" \/>\n<meta property=\"og:locale\" content=\"ca_ES\" \/>\n<meta property=\"og:type\" content=\"article\" \/>\n<meta property=\"og:title\" content=\"Administraci\u00f3 de propietats i lloguers - Finques Argem\u00ed\" \/>\n<meta property=\"og:description\" content=\"Gesti\u00f3 Professional de Lloguers i Administraci\u00f3 de Propietats Amb m\u00e9s de 70 anys d&#8217;experi\u00e8ncia, som l\u00edders en la gesti\u00f3 i l&#8217;administraci\u00f3 de lloguers de propietats. Els nostres serveis estan dissenyats per oferir-te tranquil\u00b7litat i rendibilitat a cada moment. &#8211; Portem m\u00e9s de 70 anys al mercat immobiliari administrant lloguers, tota una garantia per als clients.&#8211; [&hellip;]\" \/>\n<meta property=\"og:url\" content=\"https:\/\/finquesargemi.com\/ca\/administracio-de-propietats-i-lloguers\/\" \/>\n<meta property=\"og:site_name\" content=\"Finques Argem\u00ed\" \/>\n<meta property=\"article:modified_time\" content=\"2024-02-06T16:58:49+00:00\" \/>\n<meta property=\"og:image\" content=\"https:\/\/finquesargemi.com\/wp-content\/uploads\/2023\/11\/logo-scaled.webp\" \/>\n\t<meta property=\"og:image:width\" content=\"2560\" \/>\n\t<meta property=\"og:image:height\" content=\"1242\" \/>\n\t<meta property=\"og:image:type\" content=\"image\/png\" \/>\n<meta name=\"twitter:card\" content=\"summary_large_image\" \/>\n<script type=\"application\/ld+json\" class=\"yoast-schema-graph\">{\"@context\":\"https:\\\/\\\/schema.org\",\"@graph\":[{\"@type\":\"WebPage\",\"@id\":\"https:\\\/\\\/finquesargemi.com\\\/ca\\\/administracio-de-propietats-i-lloguers\\\/\",\"url\":\"https:\\\/\\\/finquesargemi.com\\\/ca\\\/administracio-de-propietats-i-lloguers\\\/\",\"name\":\"Administraci\u00f3 de propietats i lloguers - Finques Argem\u00ed\",\"isPartOf\":{\"@id\":\"https:\\\/\\\/finquesargemi.com\\\/ca\\\/#website\"},\"datePublished\":\"2023-11-23T12:50:49+00:00\",\"dateModified\":\"2024-02-06T16:58:49+00:00\",\"breadcrumb\":{\"@id\":\"https:\\\/\\\/finquesargemi.com\\\/ca\\\/administracio-de-propietats-i-lloguers\\\/#breadcrumb\"},\"inLanguage\":\"ca\",\"potentialAction\":[{\"@type\":\"ReadAction\",\"target\":[\"https:\\\/\\\/finquesargemi.com\\\/ca\\\/administracio-de-propietats-i-lloguers\\\/\"]}]},{\"@type\":\"BreadcrumbList\",\"@id\":\"https:\\\/\\\/finquesargemi.com\\\/ca\\\/administracio-de-propietats-i-lloguers\\\/#breadcrumb\",\"itemListElement\":[{\"@type\":\"ListItem\",\"position\":1,\"name\":\"Portada\",\"item\":\"https:\\\/\\\/finquesargemi.com\\\/ca\\\/\"},{\"@type\":\"ListItem\",\"position\":2,\"name\":\"Administraci\u00f3 de propietats i lloguers\"}]},{\"@type\":\"WebSite\",\"@id\":\"https:\\\/\\\/finquesargemi.com\\\/ca\\\/#website\",\"url\":\"https:\\\/\\\/finquesargemi.com\\\/ca\\\/\",\"name\":\"Finques Argem\u00ed\",\"description\":\"\",\"potentialAction\":[{\"@type\":\"SearchAction\",\"target\":{\"@type\":\"EntryPoint\",\"urlTemplate\":\"https:\\\/\\\/finquesargemi.com\\\/ca\\\/?s={search_term_string}\"},\"query-input\":{\"@type\":\"PropertyValueSpecification\",\"valueRequired\":true,\"valueName\":\"search_term_string\"}}],\"inLanguage\":\"ca\"}]}<\/script>\n<!-- \/ Yoast SEO plugin. -->","yoast_head_json":{"title":"Administraci\u00f3 de propietats i lloguers - Finques Argem\u00ed","robots":{"index":"index","follow":"follow","max-snippet":"max-snippet:-1","max-image-preview":"max-image-preview:large","max-video-preview":"max-video-preview:-1"},"canonical":"https:\/\/finquesargemi.com\/ca\/administracio-de-propietats-i-lloguers\/","og_locale":"ca_ES","og_type":"article","og_title":"Administraci\u00f3 de propietats i lloguers - Finques Argem\u00ed","og_description":"Gesti\u00f3 Professional de Lloguers i Administraci\u00f3 de Propietats Amb m\u00e9s de 70 anys d&#8217;experi\u00e8ncia, som l\u00edders en la gesti\u00f3 i l&#8217;administraci\u00f3 de lloguers de propietats. Els nostres serveis estan dissenyats per oferir-te tranquil\u00b7litat i rendibilitat a cada moment. &#8211; Portem m\u00e9s de 70 anys al mercat immobiliari administrant lloguers, tota una garantia per als clients.&#8211; [&hellip;]","og_url":"https:\/\/finquesargemi.com\/ca\/administracio-de-propietats-i-lloguers\/","og_site_name":"Finques Argem\u00ed","article_modified_time":"2024-02-06T16:58:49+00:00","og_image":[{"width":2560,"height":1242,"url":"https:\/\/finquesargemi.com\/wp-content\/uploads\/2023\/11\/logo-scaled.webp","type":"image\/png"}],"twitter_card":"summary_large_image","schema":{"@context":"https:\/\/schema.org","@graph":[{"@type":"WebPage","@id":"https:\/\/finquesargemi.com\/ca\/administracio-de-propietats-i-lloguers\/","url":"https:\/\/finquesargemi.com\/ca\/administracio-de-propietats-i-lloguers\/","name":"Administraci\u00f3 de propietats i lloguers - Finques Argem\u00ed","isPartOf":{"@id":"https:\/\/finquesargemi.com\/ca\/#website"},"datePublished":"2023-11-23T12:50:49+00:00","dateModified":"2024-02-06T16:58:49+00:00","breadcrumb":{"@id":"https:\/\/finquesargemi.com\/ca\/administracio-de-propietats-i-lloguers\/#breadcrumb"},"inLanguage":"ca","potentialAction":[{"@type":"ReadAction","target":["https:\/\/finquesargemi.com\/ca\/administracio-de-propietats-i-lloguers\/"]}]},{"@type":"BreadcrumbList","@id":"https:\/\/finquesargemi.com\/ca\/administracio-de-propietats-i-lloguers\/#breadcrumb","itemListElement":[{"@type":"ListItem","position":1,"name":"Portada","item":"https:\/\/finquesargemi.com\/ca\/"},{"@type":"ListItem","position":2,"name":"Administraci\u00f3 de propietats i lloguers"}]},{"@type":"WebSite","@id":"https:\/\/finquesargemi.com\/ca\/#website","url":"https:\/\/finquesargemi.com\/ca\/","name":"Finques Argem\u00ed","description":"","potentialAction":[{"@type":"SearchAction","target":{"@type":"EntryPoint","urlTemplate":"https:\/\/finquesargemi.com\/ca\/?s={search_term_string}"},"query-input":{"@type":"PropertyValueSpecification","valueRequired":true,"valueName":"search_term_string"}}],"inLanguage":"ca"}]}},"_links":{"self":[{"href":"https:\/\/finquesargemi.com\/ca\/wp-json\/wp\/v2\/pages\/23222","targetHints":{"allow":["GET"]}}],"collection":[{"href":"https:\/\/finquesargemi.com\/ca\/wp-json\/wp\/v2\/pages"}],"about":[{"href":"https:\/\/finquesargemi.com\/ca\/wp-json\/wp\/v2\/types\/page"}],"author":[{"embeddable":true,"href":"https:\/\/finquesargemi.com\/ca\/wp-json\/wp\/v2\/users\/6"}],"replies":[{"embeddable":true,"href":"https:\/\/finquesargemi.com\/ca\/wp-json\/wp\/v2\/comments?post=23222"}],"version-history":[{"count":3,"href":"https:\/\/finquesargemi.com\/ca\/wp-json\/wp\/v2\/pages\/23222\/revisions"}],"predecessor-version":[{"id":23225,"href":"https:\/\/finquesargemi.com\/ca\/wp-json\/wp\/v2\/pages\/23222\/revisions\/23225"}],"wp:attachment":[{"href":"https:\/\/finquesargemi.com\/ca\/wp-json\/wp\/v2\/media?parent=23222"}],"curies":[{"name":"wp","href":"https:\/\/api.w.org\/{rel}","templated":true}]}}