{"version":"1.0","provider_name":"Finques Argem\u00ed","provider_url":"https:\/\/finquesargemi.com\/ca\/","author_name":"Finques Argem\u00ed","author_url":"https:\/\/finquesargemi.com\/ca\/author\/finques-argemi\/","title":"Casa per reformar en el centre del poble - Finques Argem\u00ed","type":"rich","width":600,"height":338,"html":"<blockquote class=\"wp-embedded-content\" data-secret=\"yAVxz1QJfw\"><a href=\"https:\/\/finquesargemi.com\/ca\/propiedades\/casa-per-reformar-en-el-centre-del-poble\/\">Casa per reformar en el centre del poble<\/a><\/blockquote><iframe sandbox=\"allow-scripts\" security=\"restricted\" src=\"https:\/\/finquesargemi.com\/ca\/propiedades\/casa-per-reformar-en-el-centre-del-poble\/embed\/#?secret=yAVxz1QJfw\" width=\"600\" height=\"338\" title=\"&#8220;Casa per reformar en el centre del poble&#8221; &#8212; Finques Argem\u00ed\" data-secret=\"yAVxz1QJfw\" frameborder=\"0\" marginwidth=\"0\" marginheight=\"0\" scrolling=\"no\" class=\"wp-embedded-content\"><\/iframe><script type=\"text\/javascript\">\n\/* <![CDATA[ *\/\n\/*! This file is auto-generated *\/\n!function(d,l){\"use strict\";l.querySelector&&d.addEventListener&&\"undefined\"!=typeof URL&&(d.wp=d.wp||{},d.wp.receiveEmbedMessage||(d.wp.receiveEmbedMessage=function(e){var t=e.data;if((t||t.secret||t.message||t.value)&&!\/[^a-zA-Z0-9]\/.test(t.secret)){for(var s,r,n,a=l.querySelectorAll('iframe[data-secret=\"'+t.secret+'\"]'),o=l.querySelectorAll('blockquote[data-secret=\"'+t.secret+'\"]'),c=new RegExp(\"^https?:$\",\"i\"),i=0;i<o.length;i++)o[i].style.display=\"none\";for(i=0;i<a.length;i++)s=a[i],e.source===s.contentWindow&&(s.removeAttribute(\"style\"),\"height\"===t.message?(1e3<(r=parseInt(t.value,10))?r=1e3:~~r<200&&(r=200),s.height=r):\"link\"===t.message&&(r=new URL(s.getAttribute(\"src\")),n=new URL(t.value),c.test(n.protocol))&&n.host===r.host&&l.activeElement===s&&(d.top.location.href=t.value))}},d.addEventListener(\"message\",d.wp.receiveEmbedMessage,!1),l.addEventListener(\"DOMContentLoaded\",function(){for(var e,t,s=l.querySelectorAll(\"iframe.wp-embedded-content\"),r=0;r<s.length;r++)(t=(e=s[r]).getAttribute(\"data-secret\"))||(t=Math.random().toString(36).substring(2,12),e.src+=\"#?secret=\"+t,e.setAttribute(\"data-secret\",t)),e.contentWindow.postMessage({message:\"ready\",secret:t},\"*\")},!1)))}(window,document);\n\/\/# sourceURL=https:\/\/finquesargemi.com\/wp-includes\/js\/wp-embed.min.js\n\/* ]]> *\/\n<\/script>\n","thumbnail_url":"https:\/\/finquesargemi.com\/wp-content\/uploads\/2025\/04\/IMG-20250401-WA0007.webp","thumbnail_width":1530,"thumbnail_height":2040,"description":"Finques Argem\u00ed comercialitza una casa de 209m2 sobre parcel\u00b7la de 280m2 per reformar al centre del poble, a tocar de la pla\u00e7a de Cal Baldir\u00f3. La distribuci\u00f3 actual est\u00e0 composta per planta baixa i primer piso. En planta baixa ens trobem amb una habitaci\u00f3 doble, una individual, cuina amb despensa i sortida a un gran [&hellip;]"}